{"id":11451,"date":"2021-11-07T21:20:51","date_gmt":"2021-11-07T21:20:51","guid":{"rendered":"http:\/\/aeaf.edu.pt\/?page_id=11451"},"modified":"2022-01-11T00:54:28","modified_gmt":"2022-01-11T00:54:28","slug":"pna","status":"publish","type":"page","link":"http:\/\/aeaf.edu.pt\/?page_id=11451","title":{"rendered":"Projeto Cultural de Escola &#8211; AEAF"},"content":{"rendered":"\n<p style=\"font-size:26px\"><strong>Projeto Cultural de Escola &#8211; AEAF<\/strong><\/p>\n\n\n\n<p>Com base na caracteriza\u00e7\u00e3o da comunidade e do seu contexto <strong>foi encontrada a tem\u00e1tica<\/strong>\/ motiva\u00e7\u00e3o, a partir da qual se construiu o <strong><strong>Projeto Cultural de Escola &#8211; AEAF<\/strong><\/strong>, a partir do qual esperamos conceber abordagens transdisciplinares e transversais que <strong>promovam mudan\u00e7as na escola <\/strong>e nos seus quotidianos, <strong>atrav\u00e9s da rela\u00e7\u00e3o com as artes, o patrim\u00f3nio e a cultura<\/strong>. <\/p>\n\n\n\n<hr class=\"wp-block-separator\"\/>\n\n\n\n<div class=\"wp-block-image\"><figure class=\"alignright size-large is-resized\"><a href=\"http:\/\/aeaf.edu.pt\/wp-content\/uploads\/2021\/11\/PNA-4.png\"><img loading=\"lazy\" src=\"http:\/\/aeaf.edu.pt\/wp-content\/uploads\/2021\/11\/PNA-4-1030x579.png\" alt=\"\" class=\"wp-image-11457\" width=\"166\" height=\"93\" srcset=\"http:\/\/aeaf.edu.pt\/wp-content\/uploads\/2021\/11\/PNA-4-1030x579.png 1030w, http:\/\/aeaf.edu.pt\/wp-content\/uploads\/2021\/11\/PNA-4-300x169.png 300w, http:\/\/aeaf.edu.pt\/wp-content\/uploads\/2021\/11\/PNA-4-768x432.png 768w, http:\/\/aeaf.edu.pt\/wp-content\/uploads\/2021\/11\/PNA-4-1536x864.png 1536w, http:\/\/aeaf.edu.pt\/wp-content\/uploads\/2021\/11\/PNA-4-1500x844.png 1500w, http:\/\/aeaf.edu.pt\/wp-content\/uploads\/2021\/11\/PNA-4-705x397.png 705w, http:\/\/aeaf.edu.pt\/wp-content\/uploads\/2021\/11\/PNA-4-450x253.png 450w, http:\/\/aeaf.edu.pt\/wp-content\/uploads\/2021\/11\/PNA-4.png 1920w\" sizes=\"(max-width: 166px) 100vw, 166px\" \/><\/a><\/figure><\/div>\n\n\n\n<p style=\"font-size:24px\"><strong>Centrar, Subir, Baixar \u2013 na roda da cultura<\/strong><\/p>\n\n\n\n<p>    <strong><span class=\"has-inline-color has-black-color\">Sinopse |<\/span> <\/strong>Na roda do(a) oleiro(a), centrar, subir, baixar, s\u00e3o estas as tr\u00eas etapas base para o cria\u00e7\u00e3o de qualquer pe\u00e7a.<\/p>\n\n\n\n<p>No movimento circular cont\u00ednuo na roda, um peda\u00e7o de barro, roda e roda, (de)forma-se, pl\u00e1stico nas m\u00e3os e na mem\u00f3ria. Cores, frases, vozes e muito mais.<\/p>\n\n\n\n<p class=\"has-text-align-left has-normal-font-size\"><strong><span style=\"color:#f18008\" class=\"has-inline-color\">Centrar <\/span><\/strong>para reunir \u00e2nimos. <strong><span style=\"color:#f18008\" class=\"has-inline-color\">Subir<\/span><\/strong> para exaltar a criatividade, a imagina\u00e7\u00e3o, o esp\u00edrito. <strong><span style=\"color:#f18008\" class=\"has-inline-color\">Baixar<\/span> <\/strong>para partilhar experi\u00eancias. Tudo nos invade sem parar, tudo se transforma em n\u00f3s.<\/p>\n\n\n\n<hr class=\"wp-block-separator\"\/>\n\n\n\n<div style=\"height:29px\" aria-hidden=\"true\" class=\"wp-block-spacer\"><\/div>\n\n\n\n<p class=\"has-text-align-center\" style=\"font-size:26px\"><a href=\"http:\/\/aeaf.edu.pt\/?p=11784\" target=\"_blank\" rel=\"noreferrer noopener\"><strong><u><span style=\"color:#f18008\" class=\"has-inline-color\">D<\/span>ivulga\u00e7\u00e3o de <span style=\"color:#f18008\" class=\"has-inline-color\">P<\/span>rojetos\/<span style=\"color:#f18008\" class=\"has-inline-color\">E<\/span>ventos<\/u><\/strong> (<span style=\"color:#f18008\" class=\"has-inline-color\">ENTRAR<\/span>)<\/a><\/p>\n\n\n\n<div style=\"height:29px\" aria-hidden=\"true\" class=\"wp-block-spacer\"><\/div>\n\n\n\n<hr class=\"wp-block-separator\"\/>\n\n\n\n<p class=\"has-large-font-size\"><strong>Parceiros Internos<\/strong>:<\/p>\n\n\n\n<div class=\"wp-block-columns are-vertically-aligned-center\">\n<div class=\"wp-block-column is-vertically-aligned-center has-background\" style=\"background-color:#eff1f2\">\n<div class=\"wp-block-image\"><figure class=\"aligncenter size-full\"><a href=\"https:\/\/biblioesaf.webnode.pt\/\" target=\"_blank\" rel=\"noopener\"><img loading=\"lazy\" width=\"200\" height=\"68\" src=\"http:\/\/aeaf.edu.pt\/wp-content\/uploads\/2021\/12\/RBE_preto.png\" alt=\"\" class=\"wp-image-11768\"\/><\/a><\/figure><\/div>\n<\/div>\n\n\n\n<div class=\"wp-block-column is-vertically-aligned-center\" style=\"flex-basis:30px\"><\/div>\n\n\n\n<div class=\"wp-block-column is-vertically-aligned-center has-background\" style=\"background-color:#eff1f2\">\n<figure class=\"wp-block-image size-full\"><a href=\"https:\/\/pnl2027.gov.pt\/np4\/home\" target=\"_blank\" rel=\"noopener\"><img loading=\"lazy\" width=\"200\" height=\"152\" src=\"http:\/\/aeaf.edu.pt\/wp-content\/uploads\/2021\/12\/pnl_preto.png\" alt=\"\" class=\"wp-image-11766\"\/><\/a><\/figure>\n<\/div>\n\n\n\n<div class=\"wp-block-column is-vertically-aligned-center\" style=\"flex-basis:30px\"><\/div>\n\n\n\n<div class=\"wp-block-column is-vertically-aligned-center has-background\" style=\"background-color:#eff1f2\">\n<figure class=\"wp-block-image size-full\"><a href=\"https:\/\/www.pnc.gov.pt\/\" target=\"_blank\" rel=\"noopener\"><img loading=\"lazy\" width=\"312\" height=\"156\" src=\"http:\/\/aeaf.edu.pt\/wp-content\/uploads\/2021\/12\/pnc_cores.png\" alt=\"\" class=\"wp-image-11767\" srcset=\"http:\/\/aeaf.edu.pt\/wp-content\/uploads\/2021\/12\/pnc_cores.png 312w, http:\/\/aeaf.edu.pt\/wp-content\/uploads\/2021\/12\/pnc_cores-300x150.png 300w\" sizes=\"(max-width: 312px) 100vw, 312px\" \/><\/a><\/figure>\n<\/div>\n\n\n\n<div class=\"wp-block-column is-vertically-aligned-center\" style=\"flex-basis:30px\"><\/div>\n\n\n\n<div class=\"wp-block-column is-vertically-aligned-center has-background\" style=\"background-color:#eff1f2\">\n<figure class=\"wp-block-image size-full\"><a href=\"http:\/\/aeaf.edu.pt\/?p=11770&amp;preview=true&amp;_thumbnail_id=11779\" target=\"_blank\" rel=\"noopener\"><img loading=\"lazy\" width=\"434\" height=\"327\" src=\"http:\/\/aeaf.edu.pt\/wp-content\/uploads\/2021\/12\/EEA_Preto.png\" alt=\"\" class=\"wp-image-11765\" srcset=\"http:\/\/aeaf.edu.pt\/wp-content\/uploads\/2021\/12\/EEA_Preto.png 434w, http:\/\/aeaf.edu.pt\/wp-content\/uploads\/2021\/12\/EEA_Preto-300x226.png 300w\" sizes=\"(max-width: 434px) 100vw, 434px\" \/><\/a><\/figure>\n<\/div>\n<\/div>\n\n\n\n<hr class=\"wp-block-separator\"\/>\n\n\n\n<div class=\"wp-block-image\"><figure class=\"aligncenter size-full is-resized\"><a href=\"http:\/\/aeaf.edu.pt\/?p=11483&amp;preview=true\" target=\"_blank\" rel=\"noopener\"><img loading=\"lazy\" src=\"http:\/\/aeaf.edu.pt\/wp-content\/uploads\/2021\/11\/PCE.png\" alt=\"\" class=\"wp-image-11499\" width=\"170\" height=\"100\"\/><\/a><figcaption><strong><a href=\"http:\/\/aeaf.edu.pt\/?p=11483&amp;preview=true\" target=\"_blank\" rel=\"noreferrer noopener\">Projeto Cultural de Escola<\/a><\/strong><\/figcaption><\/figure><\/div>\n\n\n\n<hr class=\"wp-block-separator\"\/>\n\n\n\n<div class=\"wp-block-image\"><figure class=\"aligncenter size-full is-resized\"><a href=\"http:\/\/aeaf.edu.pt\/?p=11486&amp;preview=true\" target=\"_blank\" rel=\"noopener\"><img loading=\"lazy\" src=\"http:\/\/aeaf.edu.pt\/wp-content\/uploads\/2021\/11\/PNA.png\" alt=\"\" class=\"wp-image-11500\" width=\"147\" height=\"161\"\/><\/a><figcaption><strong><a href=\"http:\/\/aeaf.edu.pt\/?p=11486&amp;preview=true\" target=\"_blank\" rel=\"noreferrer noopener\">Manifesto &#8211; PNA<\/a><\/strong><\/figcaption><\/figure><\/div>\n","protected":false},"excerpt":{"rendered":"<p>Projeto Cultural de Escola &#8211; AEAF Com base na caracteriza\u00e7\u00e3o da comunidade e do seu contexto foi encontrada a tem\u00e1tica\/ motiva\u00e7\u00e3o, a partir da qual se construiu o Projeto Cultural de Escola &#8211; AEAF, a partir do qual esperamos conceber abordagens transdisciplinares e transversais que promovam mudan\u00e7as na escola e nos seus quotidianos, atrav\u00e9s da [&hellip;]<\/p>\n","protected":false},"author":5,"featured_media":0,"parent":0,"menu_order":0,"comment_status":"closed","ping_status":"closed","template":"","meta":[],"_links":{"self":[{"href":"http:\/\/aeaf.edu.pt\/index.php?rest_route=\/wp\/v2\/pages\/11451"}],"collection":[{"href":"http:\/\/aeaf.edu.pt\/index.php?rest_route=\/wp\/v2\/pages"}],"about":[{"href":"http:\/\/aeaf.edu.pt\/index.php?rest_route=\/wp\/v2\/types\/page"}],"author":[{"embeddable":true,"href":"http:\/\/aeaf.edu.pt\/index.php?rest_route=\/wp\/v2\/users\/5"}],"replies":[{"embeddable":true,"href":"http:\/\/aeaf.edu.pt\/index.php?rest_route=%2Fwp%2Fv2%2Fcomments&post=11451"}],"version-history":[{"count":12,"href":"http:\/\/aeaf.edu.pt\/index.php?rest_route=\/wp\/v2\/pages\/11451\/revisions"}],"predecessor-version":[{"id":14026,"href":"http:\/\/aeaf.edu.pt\/index.php?rest_route=\/wp\/v2\/pages\/11451\/revisions\/14026"}],"wp:attachment":[{"href":"http:\/\/aeaf.edu.pt\/index.php?rest_route=%2Fwp%2Fv2%2Fmedia&parent=11451"}],"curies":[{"name":"wp","href":"https:\/\/api.w.org\/{rel}","templated":true}]}}