{"id":10392,"date":"2020-09-14T17:52:34","date_gmt":"2020-09-14T17:52:34","guid":{"rendered":"http:\/\/aeaf.edu.pt\/?page_id=10392"},"modified":"2026-04-22T22:04:37","modified_gmt":"2026-04-22T22:04:37","slug":"eqavet","status":"publish","type":"page","link":"https:\/\/aeaf.edu.pt\/?page_id=10392","title":{"rendered":"EQAVET"},"content":{"rendered":"\n<p class=\"has-text-align-center\" style=\"font-size:18px\"><span style=\"color:#000000\" class=\"has-inline-color\"><strong>Quadro de Refer\u00eancia Europeu de Garantia da Qualidade para o Ensino e a Forma\u00e7\u00e3o Profissional.<\/strong><\/span><\/p>\n\n\n\n<p class=\"has-text-align-center has-medium-font-size\"><strong><span style=\"color:#000000\" class=\"has-inline-color\">Quadro EQAVET<\/span><\/strong><\/p>\n\n\n\n<div class=\"wp-block-image\"><figure class=\"alignright size-full\"><a href=\"http:\/\/aeaf.edu.pt\/wp-content\/uploads\/2021\/12\/Logos.png\"><img loading=\"lazy\" width=\"245\" height=\"37\" src=\"http:\/\/aeaf.edu.pt\/wp-content\/uploads\/2021\/12\/Logos.png\" alt=\"\" class=\"wp-image-11759\"\/><\/a><\/figure><\/div>\n\n\n\n<hr class=\"wp-block-separator\"\/>\n\n\n\n<p style=\"font-size:22px\">Parcerias <strong>FCT<\/strong> (<strong>F<\/strong>orma\u00e7\u00e3o em <strong>C<\/strong>ontexto de <strong>T<\/strong>rabalho)<\/p>\n\n\n\n<div class=\"wp-block-image\"><figure class=\"aligncenter size-full\"><a href=\"http:\/\/aeaf.edu.pt\/wp-content\/uploads\/2023\/05\/EmpresasParceiras.png\"><img loading=\"lazy\" width=\"977\" height=\"105\" src=\"http:\/\/aeaf.edu.pt\/wp-content\/uploads\/2023\/05\/EmpresasParceiras.png\" alt=\"\" class=\"wp-image-13070\" srcset=\"https:\/\/aeaf.edu.pt\/wp-content\/uploads\/2023\/05\/EmpresasParceiras.png 977w, https:\/\/aeaf.edu.pt\/wp-content\/uploads\/2023\/05\/EmpresasParceiras-300x32.png 300w, https:\/\/aeaf.edu.pt\/wp-content\/uploads\/2023\/05\/EmpresasParceiras-768x83.png 768w, https:\/\/aeaf.edu.pt\/wp-content\/uploads\/2023\/05\/EmpresasParceiras-705x76.png 705w, https:\/\/aeaf.edu.pt\/wp-content\/uploads\/2023\/05\/EmpresasParceiras-450x48.png 450w\" sizes=\"(max-width: 977px) 100vw, 977px\" \/><\/a><\/figure><\/div>\n\n\n\n<div class=\"wp-block-image\"><figure class=\"aligncenter size-large\"><a href=\"http:\/\/aeaf.edu.pt\/wp-content\/uploads\/2023\/06\/LogoEmpresas1.png\"><img loading=\"lazy\" width=\"1030\" height=\"137\" src=\"http:\/\/aeaf.edu.pt\/wp-content\/uploads\/2023\/06\/LogoEmpresas1-1030x137.png\" alt=\"\" class=\"wp-image-13181\" srcset=\"https:\/\/aeaf.edu.pt\/wp-content\/uploads\/2023\/06\/LogoEmpresas1-1030x137.png 1030w, https:\/\/aeaf.edu.pt\/wp-content\/uploads\/2023\/06\/LogoEmpresas1-300x40.png 300w, https:\/\/aeaf.edu.pt\/wp-content\/uploads\/2023\/06\/LogoEmpresas1-768x102.png 768w, https:\/\/aeaf.edu.pt\/wp-content\/uploads\/2023\/06\/LogoEmpresas1-705x94.png 705w, https:\/\/aeaf.edu.pt\/wp-content\/uploads\/2023\/06\/LogoEmpresas1-450x60.png 450w, https:\/\/aeaf.edu.pt\/wp-content\/uploads\/2023\/06\/LogoEmpresas1.png 1257w\" sizes=\"(max-width: 1030px) 100vw, 1030px\" \/><\/a><\/figure><\/div>\n\n\n\n<div class=\"wp-block-image\"><figure class=\"aligncenter size-large\"><a href=\"http:\/\/aeaf.edu.pt\/wp-content\/uploads\/2023\/06\/LogoEmpresas2.png\"><img loading=\"lazy\" width=\"1030\" height=\"166\" src=\"http:\/\/aeaf.edu.pt\/wp-content\/uploads\/2023\/06\/LogoEmpresas2-1030x166.png\" alt=\"\" class=\"wp-image-13182\" srcset=\"https:\/\/aeaf.edu.pt\/wp-content\/uploads\/2023\/06\/LogoEmpresas2-1030x166.png 1030w, https:\/\/aeaf.edu.pt\/wp-content\/uploads\/2023\/06\/LogoEmpresas2-300x48.png 300w, https:\/\/aeaf.edu.pt\/wp-content\/uploads\/2023\/06\/LogoEmpresas2-768x123.png 768w, https:\/\/aeaf.edu.pt\/wp-content\/uploads\/2023\/06\/LogoEmpresas2-705x113.png 705w, https:\/\/aeaf.edu.pt\/wp-content\/uploads\/2023\/06\/LogoEmpresas2-450x72.png 450w, https:\/\/aeaf.edu.pt\/wp-content\/uploads\/2023\/06\/LogoEmpresas2.png 1232w\" sizes=\"(max-width: 1030px) 100vw, 1030px\" \/><\/a><\/figure><\/div>\n\n\n\n<div class=\"wp-block-image\"><figure class=\"aligncenter size-large\"><a href=\"http:\/\/aeaf.edu.pt\/wp-content\/uploads\/2023\/06\/LogoEmpresas3.png\"><img loading=\"lazy\" width=\"1030\" height=\"132\" src=\"http:\/\/aeaf.edu.pt\/wp-content\/uploads\/2023\/06\/LogoEmpresas3-1030x132.png\" alt=\"\" class=\"wp-image-13184\" srcset=\"https:\/\/aeaf.edu.pt\/wp-content\/uploads\/2023\/06\/LogoEmpresas3-1030x132.png 1030w, https:\/\/aeaf.edu.pt\/wp-content\/uploads\/2023\/06\/LogoEmpresas3-300x38.png 300w, https:\/\/aeaf.edu.pt\/wp-content\/uploads\/2023\/06\/LogoEmpresas3-768x98.png 768w, https:\/\/aeaf.edu.pt\/wp-content\/uploads\/2023\/06\/LogoEmpresas3-705x90.png 705w, https:\/\/aeaf.edu.pt\/wp-content\/uploads\/2023\/06\/LogoEmpresas3-450x58.png 450w, https:\/\/aeaf.edu.pt\/wp-content\/uploads\/2023\/06\/LogoEmpresas3.png 1227w\" sizes=\"(max-width: 1030px) 100vw, 1030px\" \/><\/a><\/figure><\/div>\n\n\n\n<div class=\"wp-block-image\"><figure class=\"aligncenter size-large\"><a href=\"http:\/\/aeaf.edu.pt\/wp-content\/uploads\/2023\/06\/LogoEmpresas4.png\"><img loading=\"lazy\" width=\"1030\" height=\"152\" src=\"http:\/\/aeaf.edu.pt\/wp-content\/uploads\/2023\/06\/LogoEmpresas4-1030x152.png\" alt=\"\" class=\"wp-image-13185\" srcset=\"https:\/\/aeaf.edu.pt\/wp-content\/uploads\/2023\/06\/LogoEmpresas4-1030x152.png 1030w, https:\/\/aeaf.edu.pt\/wp-content\/uploads\/2023\/06\/LogoEmpresas4-300x44.png 300w, https:\/\/aeaf.edu.pt\/wp-content\/uploads\/2023\/06\/LogoEmpresas4-768x113.png 768w, https:\/\/aeaf.edu.pt\/wp-content\/uploads\/2023\/06\/LogoEmpresas4-705x104.png 705w, https:\/\/aeaf.edu.pt\/wp-content\/uploads\/2023\/06\/LogoEmpresas4-450x66.png 450w, https:\/\/aeaf.edu.pt\/wp-content\/uploads\/2023\/06\/LogoEmpresas4.png 1233w\" sizes=\"(max-width: 1030px) 100vw, 1030px\" \/><\/a><\/figure><\/div>\n\n\n\n<div class=\"wp-block-image\"><figure class=\"aligncenter size-large\"><a href=\"http:\/\/aeaf.edu.pt\/wp-content\/uploads\/2023\/07\/LogoEmpresas5.png\"><img loading=\"lazy\" width=\"1030\" height=\"121\" src=\"http:\/\/aeaf.edu.pt\/wp-content\/uploads\/2023\/07\/LogoEmpresas5-1030x121.png\" alt=\"\" class=\"wp-image-13215\" srcset=\"https:\/\/aeaf.edu.pt\/wp-content\/uploads\/2023\/07\/LogoEmpresas5-1030x121.png 1030w, https:\/\/aeaf.edu.pt\/wp-content\/uploads\/2023\/07\/LogoEmpresas5-300x35.png 300w, https:\/\/aeaf.edu.pt\/wp-content\/uploads\/2023\/07\/LogoEmpresas5-768x90.png 768w, https:\/\/aeaf.edu.pt\/wp-content\/uploads\/2023\/07\/LogoEmpresas5-705x82.png 705w, https:\/\/aeaf.edu.pt\/wp-content\/uploads\/2023\/07\/LogoEmpresas5-450x53.png 450w, https:\/\/aeaf.edu.pt\/wp-content\/uploads\/2023\/07\/LogoEmpresas5.png 1205w\" sizes=\"(max-width: 1030px) 100vw, 1030px\" \/><\/a><\/figure><\/div>\n\n\n\n<div class=\"wp-block-image\"><figure class=\"aligncenter size-large\"><a href=\"http:\/\/aeaf.edu.pt\/wp-content\/uploads\/2023\/07\/LogoEmpresas6.png\"><img loading=\"lazy\" width=\"1030\" height=\"158\" src=\"http:\/\/aeaf.edu.pt\/wp-content\/uploads\/2023\/07\/LogoEmpresas6-1030x158.png\" alt=\"\" class=\"wp-image-13216\" srcset=\"https:\/\/aeaf.edu.pt\/wp-content\/uploads\/2023\/07\/LogoEmpresas6-1030x158.png 1030w, https:\/\/aeaf.edu.pt\/wp-content\/uploads\/2023\/07\/LogoEmpresas6-300x46.png 300w, https:\/\/aeaf.edu.pt\/wp-content\/uploads\/2023\/07\/LogoEmpresas6-768x118.png 768w, https:\/\/aeaf.edu.pt\/wp-content\/uploads\/2023\/07\/LogoEmpresas6-705x108.png 705w, https:\/\/aeaf.edu.pt\/wp-content\/uploads\/2023\/07\/LogoEmpresas6-450x69.png 450w, https:\/\/aeaf.edu.pt\/wp-content\/uploads\/2023\/07\/LogoEmpresas6.png 1250w\" sizes=\"(max-width: 1030px) 100vw, 1030px\" \/><\/a><\/figure><\/div>\n\n\n\n<hr class=\"wp-block-separator\"\/>\n\n\n\n<div class=\"wp-block-columns\">\n<div class=\"wp-block-column\" style=\"flex-basis:600px\">\n<div class=\"wp-block-file aligncenter\"><a href=\"http:\/\/aeaf.edu.pt\/wp-content\/uploads\/2020\/09\/Documento-Base-do-AEAF.pdf\" target=\"_blank\" rel=\"noreferrer noopener\"><u><strong><span style=\"color:#000000\" class=\"has-inline-color\">Documento Base do AEAF<\/span><\/strong><\/u><\/a><a href=\"http:\/\/aeaf.edu.pt\/wp-content\/uploads\/2020\/09\/Documento-Base-do-AEAF.pdf\" class=\"wp-block-file__button\" download>Descarregar<\/a><\/div>\n\n\n\n<div class=\"wp-block-file aligncenter\"><a href=\"http:\/\/aeaf.edu.pt\/wp-content\/uploads\/2020\/09\/Plano-de-A\u00e7\u00e3o-do-AEAF.pdf\" target=\"_blank\" rel=\"noreferrer noopener\"><u><strong><span style=\"color:#000000\" class=\"has-inline-color\">Plano de A\u00e7\u00e3o do AEAF<\/span><\/strong><\/u><\/a><a href=\"http:\/\/aeaf.edu.pt\/wp-content\/uploads\/2020\/09\/Plano-de-A\u00e7\u00e3o-do-AEAF.pdf\" class=\"wp-block-file__button\" download>Descarregar<\/a><\/div>\n\n\n\n<div class=\"wp-block-file aligncenter\"><a href=\"http:\/\/aeaf.edu.pt\/wp-content\/uploads\/2020\/09\/Relatorio-do-Operador-do-AEAF.pdf\" target=\"_blank\" rel=\"noreferrer noopener\"><u><strong><span style=\"color:#000000\" class=\"has-inline-color\">Relat\u00f3rio do Operador do AEAF<\/span><\/strong><\/u><\/a><a href=\"http:\/\/aeaf.edu.pt\/wp-content\/uploads\/2020\/09\/Relatorio-do-Operador-do-AEAF.pdf\" class=\"wp-block-file__button\" download>Descarregar<\/a><\/div>\n\n\n\n<div class=\"wp-block-file aligncenter\"><a href=\"http:\/\/aeaf.edu.pt\/wp-content\/uploads\/2022\/03\/RELATORIO-FINAL-DE-VERIFICACAO-EQAVET.pdf\" target=\"_blank\" rel=\"noreferrer noopener\"><strong><u><span class=\"has-inline-color has-black-color\">RELAT\u00d3RIO FINAL DE VERIFICA\u00c7\u00c3O EQAVET<\/span><\/u><\/strong><\/a><a href=\"http:\/\/aeaf.edu.pt\/wp-content\/uploads\/2022\/03\/RELATORIO-FINAL-DE-VERIFICACAO-EQAVET.pdf\" class=\"wp-block-file__button\" download>Descarregar<\/a><\/div>\n\n\n\n<div class=\"wp-block-file aligncenter\"><a href=\"http:\/\/aeaf.edu.pt\/wp-content\/uploads\/2023\/06\/Plano-de-Comunicacao-junho2023.pdf\" target=\"_blank\" rel=\"noreferrer noopener\"><strong><span class=\"has-inline-color has-black-color\"><u>Plano de Comunica\u00e7\u00e3o &#8211; junho 2023<\/u><\/span><\/strong><\/a><a href=\"http:\/\/aeaf.edu.pt\/wp-content\/uploads\/2023\/06\/Plano-de-Comunicacao-junho2023.pdf\" class=\"wp-block-file__button\" download>Descarregar<\/a><\/div>\n<\/div>\n\n\n\n<div class=\"wp-block-column\" style=\"flex-basis:400px\">\n<div class=\"wp-block-file aligncenter\"><a href=\"http:\/\/aeaf.edu.pt\/wp-content\/uploads\/2022\/03\/Selo-EQAVET.pdf\" target=\"_blank\" rel=\"noreferrer noopener\"><strong><u><span class=\"has-inline-color has-black-color\">Selo EQAVET &#8211; 2020<\/span><\/u><\/strong><\/a><a href=\"http:\/\/aeaf.edu.pt\/wp-content\/uploads\/2022\/03\/Selo-EQAVET.pdf\" class=\"wp-block-file__button\" download>Descarregar<\/a><\/div>\n\n\n\n<div class=\"wp-block-file aligncenter\"><a href=\"https:\/\/aeaf.edu.pt\/wp-content\/uploads\/2025\/09\/Selo-EQAVET-2024.pdf\" target=\"_blank\" rel=\"noreferrer noopener\"><strong><span class=\"has-inline-color has-black-color\"><u>Selo EQAVET &#8211; 2024<\/u><\/span><\/strong><\/a><a href=\"https:\/\/aeaf.edu.pt\/wp-content\/uploads\/2025\/09\/Selo-EQAVET-2024.pdf\" class=\"wp-block-file__button\" download>Descarregar<\/a><\/div>\n<\/div>\n<\/div>\n\n\n\n<hr class=\"wp-block-separator\"\/>\n\n\n\n<p class=\"has-text-align-right has-medium-font-size\"><strong>Equipa EQVET:<\/strong><\/p>\n\n\n\n<p class=\"has-text-align-right has-small-font-size\">Prof.\u00aa Ilda Carvalho (Diretora de curso de Contabilidade e Apoio \u00e0 Gest\u00e3o)<\/p>\n\n\n\n<p class=\"has-text-align-right has-small-font-size\">Prof.\u00aa Virginia Pereira (Diretora de curso de Gest\u00e3o e Programa\u00e7\u00e3o de Sistemas Inform\u00e1ticos)<\/p>\n\n\n\n<p class=\"has-text-align-right has-small-font-size\">Prof.\u00aa Isabel Ara\u00fajo (Diretora de curso de Design de Comunica\u00e7\u00e3o Gr\u00e1fica)<\/p>\n\n\n\n<p class=\"has-text-align-right has-small-font-size\">Prof.\u00aa Susana&nbsp;Silva&nbsp;(Diretora de Curso de Multim\u00e9dia)<\/p>\n\n\n\n<p class=\"has-text-align-right has-small-font-size\">Prof.\u00aa Ana Magusteiro (Diretora de Curso dos de Mecatronica e Eletronica, Automa\u00e7\u00e3o e Comando)<\/p>\n\n\n\n<p class=\"has-text-align-right has-small-font-size\">Prof. Luis Abreu (Diretor do Curso de Manuten\u00e7\u00e3o Industrial &#8211; variante eletromec\u00e2nica)<\/p>\n\n\n\n<p class=\"has-text-align-right has-small-font-size\">Prof. Albino Linhares &#8211; Adjunto da dire\u00e7\u00e3o<\/p>\n\n\n\n<p class=\"has-text-align-right has-small-font-size\">Prof. Pedro Gon\u00e7alves &#8211; Assessor da dire\u00e7\u00e3o e coordenador do ensino profissional<\/p>\n\n\n\n<hr class=\"wp-block-separator\"\/>\n\n\n\n<p class=\"has-text-align-center has-medium-font-size\"><strong><u><a href=\"http:\/\/aeaf.edu.pt\/?p=11956\" target=\"_blank\" rel=\"noreferrer noopener\">Documentos: Ano letivo 21-22<\/a><\/u><\/strong><\/p>\n\n\n\n<p class=\"has-text-align-center has-medium-font-size\"><strong><span class=\"has-inline-color has-black-color\"><u><a href=\"http:\/\/aeaf.edu.pt\/?p=13156\" target=\"_blank\" rel=\"noreferrer noopener\">Documentos: Ano letivo 22-23<\/a><\/u><\/span><\/strong><\/p>\n\n\n\n<p class=\"has-text-align-center has-medium-font-size\"><strong><a href=\"http:\/\/aeaf.edu.pt\/?p=13585\" target=\"_blank\" rel=\"noreferrer noopener\"><span class=\"has-inline-color has-black-color\"><u>Documentos: Ano letivo 23-24<\/u><\/span><\/a><\/strong><\/p>\n\n\n\n<p class=\"has-text-align-center has-medium-font-size\"> <strong><a href=\"https:\/\/aeaf.edu.pt\/?p=15437\" target=\"_blank\" rel=\"noreferrer noopener\"><span class=\"has-inline-color has-black-color\"><u>Documentos: Ano letivo 24-25<\/u><\/span><\/a><\/strong> <\/p>\n\n\n\n<p class=\"has-text-align-center has-medium-font-size\"> <strong><span class=\"has-inline-color has-black-color\"><u><a href=\"https:\/\/aeaf.edu.pt\/?p=16084\" target=\"_blank\" rel=\"noreferrer noopener\" title=\"\">Documentos: Ano letivo 25-26<\/a><\/u><\/span><\/strong> <\/p>\n\n\n\n<div style=\"height:39px\" aria-hidden=\"true\" class=\"wp-block-spacer\"><\/div>\n\n\n\n<hr class=\"wp-block-separator\"\/>\n\n\n\n<p class=\"has-text-align-left has-medium-font-size\"><strong>Atividades Desenvolvidas:<\/strong><\/p>\n\n\n\n<figure class=\"wp-block-gallery columns-2 is-cropped\"><ul class=\"blocks-gallery-grid\"><li class=\"blocks-gallery-item\"><figure><a href=\"https:\/\/aeaf.edu.pt\/wp-content\/uploads\/2026\/04\/Copia-de-lan-party-ESAF-2026.png\"><img loading=\"lazy\" width=\"579\" height=\"1030\" src=\"https:\/\/aeaf.edu.pt\/wp-content\/uploads\/2026\/04\/Copia-de-lan-party-ESAF-2026-579x1030.png\" alt=\"\" data-id=\"16155\" data-full-url=\"https:\/\/aeaf.edu.pt\/wp-content\/uploads\/2026\/04\/Copia-de-lan-party-ESAF-2026.png\" data-link=\"https:\/\/aeaf.edu.pt\/?attachment_id=16155\" class=\"wp-image-16155\" srcset=\"https:\/\/aeaf.edu.pt\/wp-content\/uploads\/2026\/04\/Copia-de-lan-party-ESAF-2026-579x1030.png 579w, https:\/\/aeaf.edu.pt\/wp-content\/uploads\/2026\/04\/Copia-de-lan-party-ESAF-2026-169x300.png 169w, https:\/\/aeaf.edu.pt\/wp-content\/uploads\/2026\/04\/Copia-de-lan-party-ESAF-2026-768x1365.png 768w, https:\/\/aeaf.edu.pt\/wp-content\/uploads\/2026\/04\/Copia-de-lan-party-ESAF-2026-864x1536.png 864w, https:\/\/aeaf.edu.pt\/wp-content\/uploads\/2026\/04\/Copia-de-lan-party-ESAF-2026-844x1500.png 844w, https:\/\/aeaf.edu.pt\/wp-content\/uploads\/2026\/04\/Copia-de-lan-party-ESAF-2026-397x705.png 397w, https:\/\/aeaf.edu.pt\/wp-content\/uploads\/2026\/04\/Copia-de-lan-party-ESAF-2026-450x800.png 450w, https:\/\/aeaf.edu.pt\/wp-content\/uploads\/2026\/04\/Copia-de-lan-party-ESAF-2026.png 1080w\" sizes=\"(max-width: 579px) 100vw, 579px\" \/><\/a><\/figure><\/li><li class=\"blocks-gallery-item\"><figure><a href=\"https:\/\/aeaf.edu.pt\/wp-content\/uploads\/2026\/04\/Mesa-Redonda-EQAVET-Qualidade-na-Educacao-e-Formacao-Profissional-com-Stakeholders.png\"><img loading=\"lazy\" width=\"728\" height=\"1030\" src=\"https:\/\/aeaf.edu.pt\/wp-content\/uploads\/2026\/04\/Mesa-Redonda-EQAVET-Qualidade-na-Educacao-e-Formacao-Profissional-com-Stakeholders-728x1030.png\" alt=\"\" data-id=\"16156\" data-full-url=\"https:\/\/aeaf.edu.pt\/wp-content\/uploads\/2026\/04\/Mesa-Redonda-EQAVET-Qualidade-na-Educacao-e-Formacao-Profissional-com-Stakeholders.png\" data-link=\"https:\/\/aeaf.edu.pt\/?attachment_id=16156\" class=\"wp-image-16156\" srcset=\"https:\/\/aeaf.edu.pt\/wp-content\/uploads\/2026\/04\/Mesa-Redonda-EQAVET-Qualidade-na-Educacao-e-Formacao-Profissional-com-Stakeholders-728x1030.png 728w, https:\/\/aeaf.edu.pt\/wp-content\/uploads\/2026\/04\/Mesa-Redonda-EQAVET-Qualidade-na-Educacao-e-Formacao-Profissional-com-Stakeholders-212x300.png 212w, https:\/\/aeaf.edu.pt\/wp-content\/uploads\/2026\/04\/Mesa-Redonda-EQAVET-Qualidade-na-Educacao-e-Formacao-Profissional-com-Stakeholders-768x1086.png 768w, https:\/\/aeaf.edu.pt\/wp-content\/uploads\/2026\/04\/Mesa-Redonda-EQAVET-Qualidade-na-Educacao-e-Formacao-Profissional-com-Stakeholders-1086x1536.png 1086w, https:\/\/aeaf.edu.pt\/wp-content\/uploads\/2026\/04\/Mesa-Redonda-EQAVET-Qualidade-na-Educacao-e-Formacao-Profissional-com-Stakeholders-1061x1500.png 1061w, https:\/\/aeaf.edu.pt\/wp-content\/uploads\/2026\/04\/Mesa-Redonda-EQAVET-Qualidade-na-Educacao-e-Formacao-Profissional-com-Stakeholders-498x705.png 498w, https:\/\/aeaf.edu.pt\/wp-content\/uploads\/2026\/04\/Mesa-Redonda-EQAVET-Qualidade-na-Educacao-e-Formacao-Profissional-com-Stakeholders-450x636.png 450w, https:\/\/aeaf.edu.pt\/wp-content\/uploads\/2026\/04\/Mesa-Redonda-EQAVET-Qualidade-na-Educacao-e-Formacao-Profissional-com-Stakeholders.png 1414w\" sizes=\"(max-width: 728px) 100vw, 728px\" \/><\/a><\/figure><\/li><\/ul><\/figure>\n\n\n\n<div style=\"height:52px\" aria-hidden=\"true\" class=\"wp-block-spacer\"><\/div>\n\n\n\n<hr class=\"wp-block-separator\"\/>\n\n\n\n<p>As turmas 11P2, 12P1 e 12P3&nbsp;do ensino profissional do AEAF estiverem presentes na feira de emprego Grow Your Skills Up, promovida em parceria pela Casa da Juventude de Barcelos e o IPCA. &nbsp; A iniciativa \u00e9 coorganizada pelo IPCA, atrav\u00e9s do G3E \u2013 Gabinete de Emprego, Empreendedorismo e Alumni, pela Associa\u00e7\u00e3o Acad\u00e9mica do IPCA (AAIPCA) e pelo Munic\u00edpio de Barcelos.<\/p>\n\n\n\n<figure class=\"wp-block-gallery columns-3 is-cropped\"><ul class=\"blocks-gallery-grid\"><li class=\"blocks-gallery-item\"><figure><a href=\"https:\/\/aeaf.edu.pt\/wp-content\/uploads\/2025\/11\/2CC9E210-6B30-49ED-860B-B0A862A910E8.jpeg\"><img loading=\"lazy\" width=\"495\" height=\"400\" src=\"https:\/\/aeaf.edu.pt\/wp-content\/uploads\/2025\/11\/2CC9E210-6B30-49ED-860B-B0A862A910E8-495x400.jpeg\" alt=\"\" data-id=\"15825\" data-full-url=\"https:\/\/aeaf.edu.pt\/wp-content\/uploads\/2025\/11\/2CC9E210-6B30-49ED-860B-B0A862A910E8.jpeg\" data-link=\"https:\/\/aeaf.edu.pt\/?attachment_id=15825\" class=\"wp-image-15825\" srcset=\"https:\/\/aeaf.edu.pt\/wp-content\/uploads\/2025\/11\/2CC9E210-6B30-49ED-860B-B0A862A910E8-495x400.jpeg 495w, https:\/\/aeaf.edu.pt\/wp-content\/uploads\/2025\/11\/2CC9E210-6B30-49ED-860B-B0A862A910E8-845x684.jpeg 845w\" sizes=\"(max-width: 495px) 100vw, 495px\" \/><\/a><\/figure><\/li><li class=\"blocks-gallery-item\"><figure><a href=\"https:\/\/aeaf.edu.pt\/wp-content\/uploads\/2025\/11\/359ed7b0-1aaa-436a-9178-16b3dd32b8b6.jpeg\"><img loading=\"lazy\" width=\"495\" height=\"400\" src=\"https:\/\/aeaf.edu.pt\/wp-content\/uploads\/2025\/11\/359ed7b0-1aaa-436a-9178-16b3dd32b8b6-495x400.jpeg\" alt=\"\" data-id=\"15826\" data-full-url=\"https:\/\/aeaf.edu.pt\/wp-content\/uploads\/2025\/11\/359ed7b0-1aaa-436a-9178-16b3dd32b8b6.jpeg\" data-link=\"https:\/\/aeaf.edu.pt\/?attachment_id=15826\" class=\"wp-image-15826\" srcset=\"https:\/\/aeaf.edu.pt\/wp-content\/uploads\/2025\/11\/359ed7b0-1aaa-436a-9178-16b3dd32b8b6-495x400.jpeg 495w, https:\/\/aeaf.edu.pt\/wp-content\/uploads\/2025\/11\/359ed7b0-1aaa-436a-9178-16b3dd32b8b6-845x684.jpeg 845w\" sizes=\"(max-width: 495px) 100vw, 495px\" \/><\/a><\/figure><\/li><li class=\"blocks-gallery-item\"><figure><a href=\"https:\/\/aeaf.edu.pt\/wp-content\/uploads\/2025\/11\/38118414-130b-4713-822b-215d29bc78fc.jpeg\"><img loading=\"lazy\" width=\"495\" height=\"400\" src=\"https:\/\/aeaf.edu.pt\/wp-content\/uploads\/2025\/11\/38118414-130b-4713-822b-215d29bc78fc-495x400.jpeg\" alt=\"\" data-id=\"15827\" data-full-url=\"https:\/\/aeaf.edu.pt\/wp-content\/uploads\/2025\/11\/38118414-130b-4713-822b-215d29bc78fc.jpeg\" data-link=\"https:\/\/aeaf.edu.pt\/?attachment_id=15827\" class=\"wp-image-15827\" srcset=\"https:\/\/aeaf.edu.pt\/wp-content\/uploads\/2025\/11\/38118414-130b-4713-822b-215d29bc78fc-495x400.jpeg 495w, https:\/\/aeaf.edu.pt\/wp-content\/uploads\/2025\/11\/38118414-130b-4713-822b-215d29bc78fc-845x684.jpeg 845w\" sizes=\"(max-width: 495px) 100vw, 495px\" \/><\/a><\/figure><\/li><li class=\"blocks-gallery-item\"><figure><a href=\"https:\/\/aeaf.edu.pt\/wp-content\/uploads\/2025\/11\/d1e5b8c2-df73-4464-b2b4-dcafafbff0c6.jpeg\"><img loading=\"lazy\" width=\"495\" height=\"400\" src=\"https:\/\/aeaf.edu.pt\/wp-content\/uploads\/2025\/11\/d1e5b8c2-df73-4464-b2b4-dcafafbff0c6-495x400.jpeg\" alt=\"\" data-id=\"15828\" data-full-url=\"https:\/\/aeaf.edu.pt\/wp-content\/uploads\/2025\/11\/d1e5b8c2-df73-4464-b2b4-dcafafbff0c6.jpeg\" data-link=\"https:\/\/aeaf.edu.pt\/?attachment_id=15828\" class=\"wp-image-15828\" srcset=\"https:\/\/aeaf.edu.pt\/wp-content\/uploads\/2025\/11\/d1e5b8c2-df73-4464-b2b4-dcafafbff0c6-495x400.jpeg 495w, https:\/\/aeaf.edu.pt\/wp-content\/uploads\/2025\/11\/d1e5b8c2-df73-4464-b2b4-dcafafbff0c6-845x684.jpeg 845w\" sizes=\"(max-width: 495px) 100vw, 495px\" \/><\/a><\/figure><\/li><li class=\"blocks-gallery-item\"><figure><a href=\"https:\/\/aeaf.edu.pt\/wp-content\/uploads\/2025\/11\/IMG_8905-scaled.jpeg\"><img loading=\"lazy\" width=\"495\" height=\"400\" src=\"https:\/\/aeaf.edu.pt\/wp-content\/uploads\/2025\/11\/IMG_8905-495x400.jpeg\" alt=\"\" data-id=\"15829\" data-full-url=\"https:\/\/aeaf.edu.pt\/wp-content\/uploads\/2025\/11\/IMG_8905-scaled.jpeg\" data-link=\"https:\/\/aeaf.edu.pt\/?attachment_id=15829\" class=\"wp-image-15829\" srcset=\"https:\/\/aeaf.edu.pt\/wp-content\/uploads\/2025\/11\/IMG_8905-495x400.jpeg 495w, https:\/\/aeaf.edu.pt\/wp-content\/uploads\/2025\/11\/IMG_8905-845x684.jpeg 845w\" sizes=\"(max-width: 495px) 100vw, 495px\" \/><\/a><\/figure><\/li><li class=\"blocks-gallery-item\"><figure><a href=\"https:\/\/aeaf.edu.pt\/wp-content\/uploads\/2025\/11\/IMG_8906-scaled.jpeg\"><img loading=\"lazy\" width=\"495\" height=\"400\" src=\"https:\/\/aeaf.edu.pt\/wp-content\/uploads\/2025\/11\/IMG_8906-495x400.jpeg\" alt=\"\" data-id=\"15830\" data-full-url=\"https:\/\/aeaf.edu.pt\/wp-content\/uploads\/2025\/11\/IMG_8906-scaled.jpeg\" data-link=\"https:\/\/aeaf.edu.pt\/?attachment_id=15830\" class=\"wp-image-15830\" srcset=\"https:\/\/aeaf.edu.pt\/wp-content\/uploads\/2025\/11\/IMG_8906-495x400.jpeg 495w, https:\/\/aeaf.edu.pt\/wp-content\/uploads\/2025\/11\/IMG_8906-845x684.jpeg 845w\" sizes=\"(max-width: 495px) 100vw, 495px\" \/><\/a><\/figure><\/li><li class=\"blocks-gallery-item\"><figure><a href=\"https:\/\/aeaf.edu.pt\/wp-content\/uploads\/2025\/11\/IMG_8907-scaled.jpeg\"><img loading=\"lazy\" width=\"495\" height=\"400\" src=\"https:\/\/aeaf.edu.pt\/wp-content\/uploads\/2025\/11\/IMG_8907-495x400.jpeg\" alt=\"\" data-id=\"15831\" data-full-url=\"https:\/\/aeaf.edu.pt\/wp-content\/uploads\/2025\/11\/IMG_8907-scaled.jpeg\" data-link=\"https:\/\/aeaf.edu.pt\/?attachment_id=15831\" class=\"wp-image-15831\" srcset=\"https:\/\/aeaf.edu.pt\/wp-content\/uploads\/2025\/11\/IMG_8907-495x400.jpeg 495w, https:\/\/aeaf.edu.pt\/wp-content\/uploads\/2025\/11\/IMG_8907-845x684.jpeg 845w\" sizes=\"(max-width: 495px) 100vw, 495px\" \/><\/a><\/figure><\/li><li class=\"blocks-gallery-item\"><figure><a href=\"https:\/\/aeaf.edu.pt\/wp-content\/uploads\/2025\/11\/IMG_8908-scaled.jpeg\"><img loading=\"lazy\" width=\"495\" height=\"400\" src=\"https:\/\/aeaf.edu.pt\/wp-content\/uploads\/2025\/11\/IMG_8908-495x400.jpeg\" alt=\"\" data-id=\"15832\" data-full-url=\"https:\/\/aeaf.edu.pt\/wp-content\/uploads\/2025\/11\/IMG_8908-scaled.jpeg\" data-link=\"https:\/\/aeaf.edu.pt\/?attachment_id=15832\" class=\"wp-image-15832\" srcset=\"https:\/\/aeaf.edu.pt\/wp-content\/uploads\/2025\/11\/IMG_8908-495x400.jpeg 495w, https:\/\/aeaf.edu.pt\/wp-content\/uploads\/2025\/11\/IMG_8908-845x684.jpeg 845w\" sizes=\"(max-width: 495px) 100vw, 495px\" \/><\/a><\/figure><\/li><li class=\"blocks-gallery-item\"><figure><a href=\"https:\/\/aeaf.edu.pt\/wp-content\/uploads\/2025\/11\/IMG_9113.jpeg\"><img loading=\"lazy\" width=\"495\" height=\"400\" src=\"https:\/\/aeaf.edu.pt\/wp-content\/uploads\/2025\/11\/IMG_9113-495x400.jpeg\" alt=\"\" data-id=\"15833\" data-full-url=\"https:\/\/aeaf.edu.pt\/wp-content\/uploads\/2025\/11\/IMG_9113.jpeg\" data-link=\"https:\/\/aeaf.edu.pt\/?attachment_id=15833\" class=\"wp-image-15833\" srcset=\"https:\/\/aeaf.edu.pt\/wp-content\/uploads\/2025\/11\/IMG_9113-495x400.jpeg 495w, https:\/\/aeaf.edu.pt\/wp-content\/uploads\/2025\/11\/IMG_9113-845x684.jpeg 845w\" sizes=\"(max-width: 495px) 100vw, 495px\" \/><\/a><\/figure><\/li><li class=\"blocks-gallery-item\"><figure><a href=\"https:\/\/aeaf.edu.pt\/wp-content\/uploads\/2025\/11\/IMG_9117.jpeg\"><img loading=\"lazy\" width=\"495\" height=\"400\" src=\"https:\/\/aeaf.edu.pt\/wp-content\/uploads\/2025\/11\/IMG_9117-495x400.jpeg\" alt=\"\" data-id=\"15834\" data-full-url=\"https:\/\/aeaf.edu.pt\/wp-content\/uploads\/2025\/11\/IMG_9117.jpeg\" data-link=\"https:\/\/aeaf.edu.pt\/?attachment_id=15834\" class=\"wp-image-15834\" srcset=\"https:\/\/aeaf.edu.pt\/wp-content\/uploads\/2025\/11\/IMG_9117-495x400.jpeg 495w, https:\/\/aeaf.edu.pt\/wp-content\/uploads\/2025\/11\/IMG_9117-845x684.jpeg 845w\" sizes=\"(max-width: 495px) 100vw, 495px\" \/><\/a><\/figure><\/li><\/ul><\/figure>\n\n\n\n<hr class=\"wp-block-separator\"\/>\n\n\n\n<div class=\"wp-block-media-text alignwide has-media-on-the-right is-stacked-on-mobile\" style=\"grid-template-columns:auto 22%\"><figure class=\"wp-block-media-text__media\"><img loading=\"lazy\" width=\"300\" height=\"424\" src=\"http:\/\/aeaf.edu.pt\/wp-content\/uploads\/2022\/03\/Profissoes-do-Sec.-XXI-p.png\" alt=\"\" class=\"wp-image-11962 size-full\" srcset=\"https:\/\/aeaf.edu.pt\/wp-content\/uploads\/2022\/03\/Profissoes-do-Sec.-XXI-p.png 300w, https:\/\/aeaf.edu.pt\/wp-content\/uploads\/2022\/03\/Profissoes-do-Sec.-XXI-p-212x300.png 212w\" sizes=\"(max-width: 300px) 100vw, 300px\" \/><\/figure><div class=\"wp-block-media-text__content\">\n<p class=\"has-text-align-center\"><a href=\"http:\/\/aeaf.edu.pt\/?p=11961\" target=\"_blank\" rel=\"noreferrer noopener\"><u><span class=\"has-inline-color has-black-color\"><strong>Sess\u00f5es de desenvolvimento de Compet\u00eancias, &#8220;Pro-Empreendedorismo&#8221; &#8211; 30 de mar\u00e7o 2022<\/strong><\/span><\/u><\/a><\/p>\n<\/div><\/div>\n","protected":false},"excerpt":{"rendered":"<p>Quadro de Refer\u00eancia Europeu de Garantia da Qualidade para o Ensino e a Forma\u00e7\u00e3o Profissional. Quadro EQAVET Parcerias FCT (Forma\u00e7\u00e3o em Contexto de Trabalho) Equipa EQVET: Prof.\u00aa Ilda Carvalho (Diretora de curso de Contabilidade e Apoio \u00e0 Gest\u00e3o) Prof.\u00aa Virginia Pereira (Diretora de curso de Gest\u00e3o e Programa\u00e7\u00e3o de Sistemas Inform\u00e1ticos) Prof.\u00aa Isabel Ara\u00fajo (Diretora [&hellip;]<\/p>\n","protected":false},"author":1,"featured_media":10002,"parent":0,"menu_order":0,"comment_status":"closed","ping_status":"closed","template":"","meta":[],"_links":{"self":[{"href":"https:\/\/aeaf.edu.pt\/index.php?rest_route=\/wp\/v2\/pages\/10392"}],"collection":[{"href":"https:\/\/aeaf.edu.pt\/index.php?rest_route=\/wp\/v2\/pages"}],"about":[{"href":"https:\/\/aeaf.edu.pt\/index.php?rest_route=\/wp\/v2\/types\/page"}],"author":[{"embeddable":true,"href":"https:\/\/aeaf.edu.pt\/index.php?rest_route=\/wp\/v2\/users\/1"}],"replies":[{"embeddable":true,"href":"https:\/\/aeaf.edu.pt\/index.php?rest_route=%2Fwp%2Fv2%2Fcomments&post=10392"}],"version-history":[{"count":24,"href":"https:\/\/aeaf.edu.pt\/index.php?rest_route=\/wp\/v2\/pages\/10392\/revisions"}],"predecessor-version":[{"id":16157,"href":"https:\/\/aeaf.edu.pt\/index.php?rest_route=\/wp\/v2\/pages\/10392\/revisions\/16157"}],"wp:featuredmedia":[{"embeddable":true,"href":"https:\/\/aeaf.edu.pt\/index.php?rest_route=\/wp\/v2\/media\/10002"}],"wp:attachment":[{"href":"https:\/\/aeaf.edu.pt\/index.php?rest_route=%2Fwp%2Fv2%2Fmedia&parent=10392"}],"curies":[{"name":"wp","href":"https:\/\/api.w.org\/{rel}","templated":true}]}}