{"id":12185,"date":"2022-05-27T15:03:29","date_gmt":"2022-05-27T15:03:29","guid":{"rendered":"http:\/\/aeaf.edu.pt\/?page_id=12185"},"modified":"2025-10-07T01:31:02","modified_gmt":"2025-10-07T01:31:02","slug":"projetos-europeus-erasmus-2","status":"publish","type":"page","link":"https:\/\/aeaf.edu.pt\/?page_id=12185","title":{"rendered":"Projetos Europeus &#038; Erasmus+(Ensino Escolar)"},"content":{"rendered":"\n<div class=\"wp-block-image\"><figure class=\"alignright size-full is-resized\"><a href=\"https:\/\/aeaf.edu.pt\/wp-content\/uploads\/2025\/10\/EuroweekPT.png\"><img loading=\"lazy\" src=\"https:\/\/aeaf.edu.pt\/wp-content\/uploads\/2025\/10\/EuroweekPT.png\" alt=\"\" class=\"wp-image-15566\" width=\"221\" height=\"59\" srcset=\"https:\/\/aeaf.edu.pt\/wp-content\/uploads\/2025\/10\/EuroweekPT.png 341w, https:\/\/aeaf.edu.pt\/wp-content\/uploads\/2025\/10\/EuroweekPT-300x80.png 300w\" sizes=\"(max-width: 221px) 100vw, 221px\" \/><\/a><\/figure><\/div>\n\n\n\n<div style=\"height:32px\" aria-hidden=\"true\" class=\"wp-block-spacer\"><\/div>\n\n\n\n<p class=\"has-large-font-size\"><strong>Projeto:<\/strong>&nbsp;<em>KA1 \u2013 <strong>&nbsp;2025-1-PT01-KA121-SCH-000307781<\/strong>-Setor do Ensino Escolar<\/em><\/p>\n\n\n\n<p class=\"has-medium-font-size\"><em>KA1- Mobilidade Individual para fins de Aprendizagem e Acompanhamento de Alunos.<\/em><\/p>\n\n\n\n<p class=\"has-medium-font-size\"><strong>Dura\u00e7\u00e3o do 1\u00baCiclo do Projeto:<\/strong>&nbsp;1-jun-25 a 31-ago-26<\/p>\n\n\n\n<p>Este projeto resulta da aprova\u00e7\u00e3o da candidatura \u00e0 Acredita\u00e7\u00e3o do Agrupamento de Escolas Alcaides de Faria e permite a realiza\u00e7\u00e3o de atividades de mobilidade de alunos e docentes at\u00e9 2027, em ciclos de 15 meses. Na sua elabora\u00e7\u00e3o foram considerados os documentos orientadores do Agrupamento, bem como as diretrizes da Uni\u00e3o Europeia para a Educa\u00e7\u00e3o e Forma\u00e7\u00e3o.<\/p>\n\n\n\n<p>Durante o ciclo de vida do projeto pretende-se:<\/p>\n\n\n\n<ol type=\"1\"><li><strong>Envolver a comunidade educativa na melhoria das pr\u00e1ticas letivas, no \u00e2mbito das STEAM e<br>com recurso a tecnologias inovadoras;<\/strong><\/li><li><strong>Desenvolver pr\u00e1ticas pedag\u00f3gicas inclusivas e diferenciadoras;<\/strong><\/li><li><strong>Desenvolver as compet\u00eancias lingu\u00edsticas da comunidade educativa;<\/strong><\/li><li><strong>Adotar pr\u00e1ticas sustent\u00e1veis conducentes \u00e0 redu\u00e7\u00e3o da pegada ecol\u00f3gica;<\/strong><\/li><li><strong>Refor\u00e7ar a dimens\u00e3o Europeia do Agrupamento.<\/strong><\/li><\/ol>\n\n\n\n<p>A verba atribu\u00edda dever\u00e1 ser distribu\u00edda de modo a permitir concretizar os n\u00fameros m\u00ednimos de mobilidades propostos pela Ag\u00eancia Nacional. (n\u00fameros vari\u00e1veis de acordo com a banda de dist\u00e2ncia dos pa\u00edses de destino, os objetivos definidos e a disponibilidade das institui\u00e7\u00f5es de acolhimento e dos participantes).&nbsp;&nbsp;&nbsp;<\/p>\n\n\n\n<div class=\"wp-block-image is-style-default\"><figure class=\"alignright size-full is-resized\"><a href=\"http:\/\/aeaf.edu.pt\/wp-content\/uploads\/2025\/10\/imagem.png\"><img loading=\"lazy\" src=\"http:\/\/aeaf.edu.pt\/wp-content\/uploads\/2025\/10\/imagem.png\" alt=\"\" class=\"wp-image-15571\" width=\"209\" height=\"37\"\/><\/a><\/figure><\/div>\n\n\n\n<hr class=\"wp-block-separator\"\/>\n\n\n\n<div style=\"height:32px\" aria-hidden=\"true\" class=\"wp-block-spacer\"><\/div>\n\n\n\n<p class=\"has-large-font-size\"><strong>Projeto:<\/strong>&nbsp;<em>KA1 \u2013 <strong>&nbsp;2024-1-PT01-KA121-SCH-000196538<\/strong>-Setor do Ensino Escolar<\/em><\/p>\n\n\n\n<p class=\"has-medium-font-size\"><em>KA1- Mobilidade Individual para fins de Aprendizagem e Acompanhamento de Alunos.<\/em><\/p>\n\n\n\n<p class=\"has-medium-font-size\"><strong>Dura\u00e7\u00e3o do 1\u00baCiclo do Projeto:<\/strong>&nbsp;1-jun-24 a 31-maio-26<\/p>\n\n\n\n<p>Este projeto resulta da aprova\u00e7\u00e3o da candidatura \u00e0 Acredita\u00e7\u00e3o do Agrupamento de Escolas Alcaides de Faria e permite a realiza\u00e7\u00e3o de atividades de mobilidade de alunos e docentes at\u00e9 2027, em ciclos de 15 meses. Na sua elabora\u00e7\u00e3o foram considerados os documentos orientadores do Agrupamento, bem como as diretrizes da Uni\u00e3o Europeia para a Educa\u00e7\u00e3o e Forma\u00e7\u00e3o.<\/p>\n\n\n\n<p>Durante o ciclo de vida do projeto pretende-se:<\/p>\n\n\n\n<ol type=\"1\"><li><strong>Envolver a comunidade educativa na melhoria das pr\u00e1ticas letivas, no \u00e2mbito das STEAM e<br>com recurso a tecnologias inovadoras;<\/strong><\/li><li><strong>Desenvolver pr\u00e1ticas pedag\u00f3gicas inclusivas e diferenciadoras;<\/strong><\/li><li><strong>Desenvolver as compet\u00eancias lingu\u00edsticas da comunidade educativa;<\/strong><\/li><li><strong>Adotar pr\u00e1ticas sustent\u00e1veis conducentes \u00e0 redu\u00e7\u00e3o da pegada ecol\u00f3gica;<\/strong><\/li><li><strong>Refor\u00e7ar a dimens\u00e3o Europeia do Agrupamento.<\/strong><\/li><\/ol>\n\n\n\n<p>A verba atribu\u00edda dever\u00e1 ser distribu\u00edda de modo a permitir concretizar os n\u00fameros m\u00ednimos de mobilidades propostos pela Ag\u00eancia Nacional. (n\u00fameros vari\u00e1veis de acordo com a banda de dist\u00e2ncia dos pa\u00edses de destino, os objetivos definidos e a disponibilidade das institui\u00e7\u00f5es de acolhimento e dos participantes).&nbsp;<\/p>\n\n\n\n<div class=\"wp-block-image is-style-default\"><figure class=\"alignright size-full is-resized\"><a href=\"http:\/\/aeaf.edu.pt\/wp-content\/uploads\/2025\/10\/imagem.png\"><img loading=\"lazy\" src=\"http:\/\/aeaf.edu.pt\/wp-content\/uploads\/2025\/10\/imagem.png\" alt=\"\" class=\"wp-image-15571\" width=\"202\" height=\"36\"\/><\/a><\/figure><\/div>\n\n\n\n<div style=\"height:32px\" aria-hidden=\"true\" class=\"wp-block-spacer\"><\/div>\n\n\n\n<hr class=\"wp-block-separator\"\/>\n\n\n\n<p class=\"has-large-font-size\"><span class=\"has-inline-color has-black-color\"><strong>Projeto:<\/strong> <em>KA1 &#8211; 2023-1-PT01-KA121-SCH-000123642 -Setor do Ensino Escolar<\/em><\/span><\/p>\n\n\n\n<p class=\"has-medium-font-size\"><span class=\"has-inline-color has-black-color\"><em>KA1- Mobilidade Individual para fins de Aprendizagem e Acompanhamento de Alunos.<\/em><\/span><\/p>\n\n\n\n<p class=\"has-medium-font-size\"><span class=\"has-inline-color has-black-color\"><strong>Dura\u00e7\u00e3o do 1\u00baCiclo do Projeto:<\/strong> 1-jun-23 a 31-ago-24<\/span><\/p>\n\n\n\n<p class=\"has-normal-font-size\">Este projeto resulta da aprova\u00e7\u00e3o da candidatura \u00e0 Acredita\u00e7\u00e3o do Agrupamento de Escolas Alcaides de Faria e permite a realiza\u00e7\u00e3o de atividades de mobilidade de alunos e docentes at\u00e9 2027, em ciclos de 15 meses. Na sua elabora\u00e7\u00e3o foram considerados os documentos orientadores do Agrupamento, bem como as diretrizes da Uni\u00e3o Europeia para a Educa\u00e7\u00e3o e Forma\u00e7\u00e3o. <\/p>\n\n\n\n<p>Durante o ciclo de vida do projeto pretende-se:<\/p>\n\n\n\n<ol><li><strong>Envolver a comunidade educativa na melhoria das pr\u00e1ticas letivas, no \u00e2mbito das STEAM e<br>com recurso a tecnologias inovadoras;<\/strong><\/li><li><strong>Desenvolver pr\u00e1ticas pedag\u00f3gicas inclusivas e diferenciadoras;<\/strong><\/li><li><strong>Desenvolver as compet\u00eancias lingu\u00edsticas da comunidade educativa;<\/strong><\/li><li><strong>Adotar pr\u00e1ticas sustent\u00e1veis conducentes \u00e0 redu\u00e7\u00e3o da pegada ecol\u00f3gica;<\/strong><\/li><li><strong>Refor\u00e7ar a dimens\u00e3o Europeia do Agrupamento.<\/strong><\/li><\/ol>\n\n\n\n<p class=\"has-normal-font-size\">A verba atribu\u00edda dever\u00e1 ser distribu\u00edda de modo a permitir concretizar os n\u00fameros m\u00ednimos de mobilidades propostos pela Ag\u00eancia Nacional. (n\u00fameros vari\u00e1veis de acordo com a banda de dist\u00e2ncia dos pa\u00edses de destino, os objetivos definidos e a disponibilidade das institui\u00e7\u00f5es de acolhimento e dos participantes).<\/p>\n\n\n\n<div class=\"wp-block-media-text alignwide has-media-on-the-right is-stacked-on-mobile\" style=\"grid-template-columns:auto 21%\"><figure class=\"wp-block-media-text__media\"><img loading=\"lazy\" width=\"299\" height=\"120\" src=\"http:\/\/aeaf.edu.pt\/wp-content\/uploads\/2024\/02\/Erasmus.png\" alt=\"\" class=\"wp-image-13698 size-full\"\/><\/figure><div class=\"wp-block-media-text__content\">\n<p class=\"has-medium-font-size\">ABERTURA DE CONCURSO INTERNO<\/p>\n\n\n\n<p class=\"has-normal-font-size\"> Sele\u00e7\u00e3o de professores para as mobilidades ao abrigo do Programa Erasmus+, consultar Circular 145.<\/p>\n<\/div><\/div>\n\n\n\n<div class=\"wp-block-file aligncenter\"><a href=\"http:\/\/aeaf.edu.pt\/wp-content\/uploads\/2024\/02\/145-Circular-ABERTURA-DE-CONCURSO-INTERNO-Selecao-de-professores-para-as-mobilidades-ao-abrigo-do-Programa-Erasmus.pdf\" target=\"_blank\" rel=\"noreferrer noopener\"><strong><span class=\"has-inline-color has-black-color\"><u>145 Circular &#8211; ABERTURA DE CONCURSO INTERNO<\/u><\/span><\/strong><\/a><a href=\"http:\/\/aeaf.edu.pt\/wp-content\/uploads\/2024\/02\/145-Circular-ABERTURA-DE-CONCURSO-INTERNO-Selecao-de-professores-para-as-mobilidades-ao-abrigo-do-Programa-Erasmus.pdf\" class=\"wp-block-file__button\" download>Descarregar<\/a><\/div>\n\n\n\n<div class=\"wp-block-image is-style-default\"><figure class=\"alignright size-full is-resized\"><a href=\"http:\/\/aeaf.edu.pt\/wp-content\/uploads\/2025\/10\/imagem.png\"><img loading=\"lazy\" src=\"http:\/\/aeaf.edu.pt\/wp-content\/uploads\/2025\/10\/imagem.png\" alt=\"\" class=\"wp-image-15571\" width=\"218\" height=\"39\"\/><\/a><\/figure><\/div>\n\n\n\n<div style=\"height:32px\" aria-hidden=\"true\" class=\"wp-block-spacer\"><\/div>\n\n\n\n<hr class=\"wp-block-separator\"\/>\n\n\n\n<p class=\"has-large-font-size\"> <span class=\"has-inline-color has-black-color\"><strong>Projeto:<\/strong> <em>Interc\u00e2mbio com a escola Theresialyceum, em Tilburg, Pa\u00edses Baixos<\/em><\/span><\/p>\n\n\n\n<p class=\"has-medium-font-size\">Destina-se a alunos do 9\u00ba, 10\u00ba e 11\u00baANO dos Cursos CIENT\u00cdFICO-HUMAN\u00cdSTICOS<\/p>\n\n\n\n<ol><li>O projeto vai debru\u00e7ar-se sobre as problem\u00e1ticas ambientais e a ado\u00e7\u00e3o de comportamentos sustent\u00e1veis.<\/li><li>O projeto n\u00e3o \u00e9 financiado, sendo as despesas de transporte (para o aeroporto, voos, comboios), refei\u00e7\u00f5es durante a viagem e despesas pessoais ao encargo dos participantes.<\/li><li>O alojamento \u00e9 feito em fam\u00edlias de acolhimento, com obrigatoriedade de acolher um aluno\/aluna em casa, fornecendo pequeno almo\u00e7o e jantar.<\/li><li>O <strong>acolhimento <\/strong>na <strong>ESAF<\/strong> decorrer\u00e1 entre <strong>18-25 de setembro de 2024<\/strong> .<\/li><li>A <strong>viagem <\/strong>para os <strong>Pa\u00edses Baixos<\/strong> decorrer\u00e1 entre <strong>7-13 de abril de 2025<\/strong>. Durante a mobilidade, o transporte dos alunos ser\u00e1 em bicicleta.<\/li><li>O regulamento est\u00e1 dispon\u00edvel para consulta em www.aeaf.edu.pt e na vitrine dos projetos. Uma vez que o projeto n\u00e3o \u00e9 financiado, n\u00e3o se aplica o crit\u00e9rio de vagas para os alunos que beneficiam de escal\u00e3o.<\/li><\/ol>\n\n\n\n<p class=\"has-text-align-right\">Para qualquer esclarecimento, pode contactar o email <strong>clube-proj-europeus@aeaf.edu.pt<\/strong><\/p>\n\n\n\n<hr class=\"wp-block-separator\"\/>\n\n\n\n<div style=\"height:32px\" aria-hidden=\"true\" class=\"wp-block-spacer\"><\/div>\n\n\n\n<p style=\"font-size:22px\"> <strong><span class=\"has-inline-color has-black-color\">Regulamento de Candidatura do AEAF<\/span> &#8211; Alunos <\/strong><\/p>\n\n\n\n<div class=\"wp-block-buttons\">\n<div class=\"wp-block-button is-style-outline\"><a class=\"wp-block-button__link has-vivid-red-color has-text-color\" href=\"http:\/\/aeaf.edu.pt\/?p=9160\" target=\"_blank\" rel=\"noreferrer noopener\"><strong>Documentos<\/strong><\/a><\/div>\n<\/div>\n\n\n\n<div style=\"height:32px\" aria-hidden=\"true\" class=\"wp-block-spacer\"><\/div>\n\n\n\n<hr class=\"wp-block-separator\"\/>\n\n\n\n<div class=\"wp-block-columns\">\n<div class=\"wp-block-column\" style=\"flex-basis:66.66%\">\n<div style=\"height:88px\" aria-hidden=\"true\" class=\"wp-block-spacer\"><\/div>\n\n\n\n<h2 style=\"font-size:25px\"><span class=\"has-inline-color has-black-color\"><strong><em>Euroweek<\/em><\/strong><\/span> <span class=\"has-inline-color has-black-color\">&#8211; Encontro de Escolas Europeias<\/span><\/h2>\n\n\n\n<div class=\"wp-block-image is-style-default\"><figure class=\"alignright size-full is-resized\"><a href=\"http:\/\/aeaf.edu.pt\/wp-content\/uploads\/2025\/10\/EuroweekPT.png\"><img loading=\"lazy\" src=\"http:\/\/aeaf.edu.pt\/wp-content\/uploads\/2025\/10\/EuroweekPT.png\" alt=\"\" class=\"wp-image-15566\" width=\"409\" height=\"109\" srcset=\"https:\/\/aeaf.edu.pt\/wp-content\/uploads\/2025\/10\/EuroweekPT.png 341w, https:\/\/aeaf.edu.pt\/wp-content\/uploads\/2025\/10\/EuroweekPT-300x80.png 300w\" sizes=\"(max-width: 409px) 100vw, 409px\" \/><\/a><\/figure><\/div>\n\n\n\n<div style=\"height:19px\" aria-hidden=\"true\" class=\"wp-block-spacer\"><\/div>\n\n\n\n<div class=\"wp-block-buttons\">\n<div class=\"wp-block-button is-style-outline\"><a class=\"wp-block-button__link\" href=\"https:\/\/aeaf.edu.pt\/?p=15589\" target=\"_blank\" rel=\"noreferrer noopener\"><strong><span class=\"has-inline-color has-black-color\"><strong>Euroweek 2025 &#8211; Portugal<\/strong><\/span><\/strong><\/a><\/div>\n<\/div>\n\n\n\n<div class=\"wp-block-buttons\">\n<div class=\"wp-block-button is-style-outline\"><a class=\"wp-block-button__link\" href=\"http:\/\/aeaf.edu.pt\/?p=13758\" target=\"_blank\" rel=\"noreferrer noopener\"><strong><span class=\"has-inline-color has-black-color\">Euroweek 2024 &#8211; Germany<\/span><\/strong><\/a><\/div>\n<\/div>\n\n\n\n<div class=\"wp-block-buttons\">\n<div class=\"wp-block-button is-style-outline\"><a class=\"wp-block-button__link\" href=\"https:\/\/www.instagram.com\/p\/CjJHVqwsWUO\/\" target=\"_blank\" rel=\"noreferrer noopener\"><strong><span class=\"has-inline-color has-black-color\">Euroweek 2022 &#8211; Su\u00e9cia e Dinamarca<\/span><\/strong><\/a><\/div>\n<\/div>\n\n\n\n<div style=\"height:155px\" aria-hidden=\"true\" class=\"wp-block-spacer\"><\/div>\n\n\n\n<h2 class=\"has-medium-font-size\"><span class=\"has-inline-color has-black-color\">Projetos Erasmus+ &amp; Interc\u00e2mbios<\/span><\/h2>\n\n\n\n<div class=\"wp-block-buttons\">\n<div class=\"wp-block-button is-style-outline\"><a class=\"wp-block-button__link\" href=\"http:\/\/aeaf.edu.pt\/?p=10727&amp;preview=true&amp;_thumbnail_id=10728\" target=\"_blank\" rel=\"noreferrer noopener\"><strong><span style=\"color:#b71d1d\" class=\"has-inline-color\">Participa\u00e7\u00f5es<\/span><\/strong><\/a><\/div>\n<\/div>\n\n\n\n<div style=\"height:155px\" aria-hidden=\"true\" class=\"wp-block-spacer\"><\/div>\n\n\n\n<h2 class=\"has-medium-font-size\"><span class=\"has-inline-color has-black-color\">KA1 &#8211; \u201cAlargar horizontes para uma escola multicultural do s\u00e9culo XXI\u201d<\/span><\/h2>\n\n\n\n<div class=\"wp-block-buttons\">\n<div class=\"wp-block-button is-style-outline\"><a class=\"wp-block-button__link\" href=\"http:\/\/aeaf.edu.pt\/?p=9637\" target=\"_blank\" rel=\"noreferrer noopener\"><strong><span style=\"color:#b71d1d\" class=\"has-inline-color\">Entrar<\/span><\/strong><\/a><\/div>\n<\/div>\n\n\n\n<div style=\"height:155px\" aria-hidden=\"true\" class=\"wp-block-spacer\"><\/div>\n\n\n\n<div style=\"height:101px\" aria-hidden=\"true\" class=\"wp-block-spacer\"><\/div>\n<\/div>\n\n\n\n<div class=\"wp-block-column\" style=\"flex-basis:33.33%\">\n<figure class=\"wp-block-image size-large\"><a href=\"http:\/\/aeaf.edu.pt\/wp-content\/uploads\/2025\/10\/infromacao-projetos-roll-up-2025.png\"><img loading=\"lazy\" width=\"438\" height=\"1030\" src=\"http:\/\/aeaf.edu.pt\/wp-content\/uploads\/2025\/10\/infromacao-projetos-roll-up-2025-438x1030.png\" alt=\"\" class=\"wp-image-15598\" srcset=\"https:\/\/aeaf.edu.pt\/wp-content\/uploads\/2025\/10\/infromacao-projetos-roll-up-2025-438x1030.png 438w, https:\/\/aeaf.edu.pt\/wp-content\/uploads\/2025\/10\/infromacao-projetos-roll-up-2025-128x300.png 128w\" sizes=\"(max-width: 438px) 100vw, 438px\" \/><\/a><\/figure>\n<\/div>\n<\/div>\n\n\n\n<hr class=\"wp-block-separator\"\/>\n\n\n\n<div class=\"wp-block-media-text alignwide has-media-on-the-right is-stacked-on-mobile\" style=\"grid-template-columns:auto 18%\"><figure class=\"wp-block-media-text__media\"><a href=\"http:\/\/aeaf.edu.pt\/?p=13256(abre num novo separador)\" target=\"_blank\" rel=\"noopener\"><img loading=\"lazy\" width=\"400\" height=\"400\" src=\"http:\/\/aeaf.edu.pt\/wp-content\/uploads\/2023\/08\/logo.jpg\" alt=\"\" class=\"wp-image-13258 size-full\" srcset=\"https:\/\/aeaf.edu.pt\/wp-content\/uploads\/2023\/08\/logo.jpg 400w, https:\/\/aeaf.edu.pt\/wp-content\/uploads\/2023\/08\/logo-300x300.jpg 300w, https:\/\/aeaf.edu.pt\/wp-content\/uploads\/2023\/08\/logo-80x80.jpg 80w, https:\/\/aeaf.edu.pt\/wp-content\/uploads\/2023\/08\/logo-36x36.jpg 36w, https:\/\/aeaf.edu.pt\/wp-content\/uploads\/2023\/08\/logo-180x180.jpg 180w, https:\/\/aeaf.edu.pt\/wp-content\/uploads\/2023\/08\/logo-120x120.jpg 120w\" sizes=\"(max-width: 400px) 100vw, 400px\" \/><\/a><\/figure><div class=\"wp-block-media-text__content\">\n<p style=\"font-size:24px\"><strong>Projeto: <\/strong><a href=\"http:\/\/aeaf.edu.pt\/?p=13256(abre num novo separador)\" target=\"_blank\" rel=\"noreferrer noopener\"><strong><u>Developing Green Skills in Schools and Outdoors<\/u><\/strong> <\/a><\/p>\n\n\n\n<p>Erasmus+ KA210-Parcerias no Ensino Escolar &#8211; &nbsp;<strong>2022-1-RO01-KA210-SCH-000082339<\/strong><\/p>\n<\/div><\/div>\n","protected":false},"excerpt":{"rendered":"<p>Projeto:&nbsp;KA1 \u2013 &nbsp;2025-1-PT01-KA121-SCH-000307781-Setor do Ensino Escolar KA1- Mobilidade Individual para fins de Aprendizagem e Acompanhamento de Alunos. Dura\u00e7\u00e3o do 1\u00baCiclo do Projeto:&nbsp;1-jun-25 a 31-ago-26 Este projeto resulta da aprova\u00e7\u00e3o da candidatura \u00e0 Acredita\u00e7\u00e3o do Agrupamento de Escolas Alcaides de Faria e permite a realiza\u00e7\u00e3o de atividades de mobilidade de alunos e docentes at\u00e9 2027, em [&hellip;]<\/p>\n","protected":false},"author":5,"featured_media":9158,"parent":0,"menu_order":0,"comment_status":"closed","ping_status":"closed","template":"","meta":[],"_links":{"self":[{"href":"https:\/\/aeaf.edu.pt\/index.php?rest_route=\/wp\/v2\/pages\/12185"}],"collection":[{"href":"https:\/\/aeaf.edu.pt\/index.php?rest_route=\/wp\/v2\/pages"}],"about":[{"href":"https:\/\/aeaf.edu.pt\/index.php?rest_route=\/wp\/v2\/types\/page"}],"author":[{"embeddable":true,"href":"https:\/\/aeaf.edu.pt\/index.php?rest_route=\/wp\/v2\/users\/5"}],"replies":[{"embeddable":true,"href":"https:\/\/aeaf.edu.pt\/index.php?rest_route=%2Fwp%2Fv2%2Fcomments&post=12185"}],"version-history":[{"count":39,"href":"https:\/\/aeaf.edu.pt\/index.php?rest_route=\/wp\/v2\/pages\/12185\/revisions"}],"predecessor-version":[{"id":15608,"href":"https:\/\/aeaf.edu.pt\/index.php?rest_route=\/wp\/v2\/pages\/12185\/revisions\/15608"}],"wp:featuredmedia":[{"embeddable":true,"href":"https:\/\/aeaf.edu.pt\/index.php?rest_route=\/wp\/v2\/media\/9158"}],"wp:attachment":[{"href":"https:\/\/aeaf.edu.pt\/index.php?rest_route=%2Fwp%2Fv2%2Fmedia&parent=12185"}],"curies":[{"name":"wp","href":"https:\/\/api.w.org\/{rel}","templated":true}]}}