{"id":2911,"date":"2014-05-05T10:31:32","date_gmt":"2014-05-05T10:31:32","guid":{"rendered":"http:\/\/aeaf.edu.pt\/?page_id=2911"},"modified":"2022-06-15T17:59:18","modified_gmt":"2022-06-15T17:59:18","slug":"historia","status":"publish","type":"page","link":"https:\/\/aeaf.edu.pt\/?page_id=2911","title":{"rendered":"Hist\u00f3ria"},"content":{"rendered":"<\/div><\/div><\/div><!-- close content main div --><\/div><\/div><div id='full_slider_1' class='avia-fullwidth-slider main_color avia-shadow  container_wrap sidebar_right'   ><div  data-size='featured'  data-lightbox_size='large'  data-animation='slide'  data-ids='3402'  data-video_counter='0'  data-autoplay='false'  data-bg_slider='false'  data-slide_height=''  data-handle='av_slideshow_full'  data-interval='5'  data-class=' '  data-css_id=''  data-scroll_down=''  data-control_layout='av-control-default'  data-custom_markup=''  data-perma_caption=''  data-autoplay_stopper=''  data-src=''  data-position='top left'  data-repeat='no-repeat'  data-attach='scroll'  data-stretch=''  data-default-height='28.666666666667'  class='avia-slideshow avia-slideshow-1  av-control-default av-default-height-applied avia-slideshow-featured av_slideshow_full   avia-slide-slider '  itemscope=\"itemscope\" itemtype=\"https:\/\/schema.org\/ImageObject\" ><ul class='avia-slideshow-inner' style='padding-bottom: 28.666666666667%;'><li  class=' av-single-slide slide-1 ' ><div data-rel='slideshow-1' class='avia-slide-wrap'  ><img src='https:\/\/aeaf.edu.pt\/wp-content\/uploads\/2014\/05\/00-e1401976713469-1500x430.jpg' width='1500' height='430' title='00' alt=''  itemprop=\"contentURL\"  \/><\/div><\/li><\/ul><\/div><\/div>\n<div style='padding-bottom:10px;' class='av-special-heading av-special-heading-h3    '><h3 class='av-special-heading-tag'  itemprop=\"headline\"  >HIST\u00d3RIA<\/h3><div class='special-heading-border'><div class='special-heading-inner-border' ><\/div><\/div><\/div>\n<section class=\"av_textblock_section\"  itemscope=\"itemscope\" itemtype=\"https:\/\/schema.org\/CreativeWork\" ><div class='avia_textblock '   itemprop=\"text\" ><p style=\"text-align: justify;\">O Agrupamento de Escolas Alcaides de Faria, formalmente constitu\u00eddo em 2012, afirma-se como uma nova realidade no panorama educativo da nossa regi\u00e3o, agregando escolas que cobrem um territ\u00f3rio que se estende do centro para nascente do concelho de Barcelos e integra alunos oriundos de freguesias de marcada import\u00e2ncia na afirma\u00e7\u00e3o da identidade local, pelo seu dinamismo, mas tamb\u00e9m pela sua genuinidade cultural.<\/p>\n<p style=\"text-align: justify;\">O Agrupamento agrega realidades que, tendo em conta o seu desiderato comum \u2013 uma educa\u00e7\u00e3o de qualidade, n\u00e3o escondem as suas idiossincrasias muito peculiares: a Escola Secund\u00e1ria Alcaides de Faria, escola tipicamente urbana e com longas d\u00e9cadas de exist\u00eancia, e o anterior Agrupamento de Escolas de Manhente, mais recente mas, de forma viva, articulando o espa\u00e7o rural com a proximidade urbana. Cada uma destas realidades, agora unidas num objetivo comum, pretende dar corpo a um agrupamento que se quer ambicioso nas suas estrat\u00e9gias de a\u00e7\u00e3o e, numa sinergia de esfor\u00e7os, constituir uma realidade outra, sem desmerecer o passado e as marcas identit\u00e1rias das escolas que lhe est\u00e3o na origem. A for\u00e7a deste Agrupamento, que queremos que se afirme de forma indel\u00e9vel nos destinos da educa\u00e7\u00e3o do concelho, vir\u00e1, com certeza, da assun\u00e7\u00e3o das suas peculiaridades, e no mesmo ato, da salvaguarda das qualidades de cada p\u00f3lo, ou seja, agregando o valor acrescentado que cada unidade educativa pode gerar em prol de uma educa\u00e7\u00e3o de qualidade.<\/p>\n<p style=\"text-align: justify;\">Sob a \u00e9gide dos patronos Alcaides de Faria, que ficaram conhecidos na Hist\u00f3ria de Portugal, h\u00e1 mais de seis s\u00e9culos (quando da 2.\u00aa Guerra Fernandina com Castela), pela sua lealdade e heroicidade na defesa do Castelo de Faria, em Barcelos, o novo Agrupamento de escolas, sem deixar de ser fiel \u00e0s ra\u00edzes da escola que lhe deu nome, a uma identidade cultural e organizacional muito atenta \u00e0 forma\u00e7\u00e3o para o mundo do trabalho e, ao mesmo tempo, fornecedora de massa cr\u00edtica de qualidade para as universidades, inclui tamb\u00e9m as virtuosidades da forma\u00e7\u00e3o b\u00e1sica que o anterior Agrupamento de Escolas de Manhente j\u00e1 proporcionava.<\/p>\n<p style=\"text-align: justify;\">O Agrupamento de Escolas Alcaides de Faria pugna por uma a\u00e7\u00e3o assente numa vis\u00e3o estrat\u00e9gica com vista \u00e0 consolida\u00e7\u00e3o de um servi\u00e7o educativo de refer\u00eancia, como ali\u00e1s foi o lema das escolas agora agregadas, visando n\u00edveis de educa\u00e7\u00e3o e forma\u00e7\u00e3o que capacitem para a concretiza\u00e7\u00e3o de efetivo sucesso escolar. Nesse encal\u00e7o, contando com o envolvimento de todos sem exce\u00e7\u00e3o e pautando-se por princ\u00edpios de idoneidade, transpar\u00eancia e justeza na aplica\u00e7\u00e3o das suas normas, este regulamento orienta-se para ordena\u00e7\u00e3o de uma estrutura que se quer atenta, exigente, responsabilizante e promotora de cidadania no seio de toda a comunidade educativa.<\/p>\n<\/div><\/section>\n<div style='padding-bottom:10px;' class='av-special-heading av-special-heading-h3   '><h3 class='av-special-heading-tag'  itemprop=\"headline\"  >VALORES<\/h3><div class='special-heading-border'><div class='special-heading-inner-border' ><\/div><\/div><\/div>\n<section class=\"av_textblock_section\"  itemscope=\"itemscope\" itemtype=\"https:\/\/schema.org\/CreativeWork\" ><div class='avia_textblock '   itemprop=\"text\" ><p style=\"text-align: justify;\">O Agrupamento de Escolas Alcaides de Faria norteia-se por valores consent\u00e2neos com os que a sociedade portuguesa adota, nomeadamente na sua lei fundamental &#8211; a Constitui\u00e7\u00e3o &#8211; e que a Lei de Bases do Sistema Educativo consagra, subordinando-se, assim, aos seguintes princ\u00edpios orientadores e objetivos, nomeadamente, na sua gest\u00e3o e administra\u00e7\u00e3o:<\/p>\n<ul style=\"text-align: justify;\">\n<li>Integrar o Agrupamento na comunidade que serve e estabelecer a interliga\u00e7\u00e3o do ensino e das atividades econ\u00f3micas, sociais, culturais e cient\u00edficas;<\/li>\n<li>Contribuir para desenvolver o esp\u00edrito e a pr\u00e1tica democr\u00e1ticos;<\/li>\n<li>Assegurar a participa\u00e7\u00e3o de todos os intervenientes no processo educativo, nomeadamente do pessoal docente e n\u00e3o docente, dos alunos, das fam\u00edlias, das autarquias e das entidades representativas das atividades e institui\u00e7\u00f5es econ\u00f3micas, sociais, culturais e cient\u00edficas, tendo em conta as caracter\u00edsticas espec\u00edficas dos v\u00e1rios n\u00edveis e tipologias de educa\u00e7\u00e3o e de ensino;<\/li>\n<li>Assegurar o pleno respeito pelas regras da democraticidade e representatividade dos \u00f3rg\u00e3os de administra\u00e7\u00e3o e gest\u00e3o do Agrupamento, garantida pela elei\u00e7\u00e3o democr\u00e1tica de representantes da comunidade educativa;<\/li>\n<li>Promover o sucesso e prevenir o abandono escolar dos alunos e desenvolver a qualidade do servi\u00e7o p\u00fablico de educa\u00e7\u00e3o, em geral, e das aprendizagens e dos resultados escolares, em particular;<\/li>\n<li>Promover a equidade social, criando condi\u00e7\u00f5es para a concretiza\u00e7\u00e3o da igualdade de oportunidades para todos;<\/li>\n<li>Assegurar as melhores condi\u00e7\u00f5es de estudo e de trabalho, de realiza\u00e7\u00e3o e de desenvolvimento pessoal e profissional;<\/li>\n<li>Cumprir e fazer cumprir os direitos e os deveres constantes das leis, normas ou regulamentos e manter a disciplina;<\/li>\n<li>Observar o primado dos crit\u00e9rios de natureza pedag\u00f3gica sobre os crit\u00e9rios de natureza administrativa nos limites de uma gest\u00e3o eficiente dos recursos dispon\u00edveis para o desenvolvimento da sua miss\u00e3o;<\/li>\n<li>Assegurar a estabilidade e a transpar\u00eancia da gest\u00e3o e administra\u00e7\u00e3o escolar, designadamente atrav\u00e9s dos adequados meios de comunica\u00e7\u00e3o e informa\u00e7\u00e3o;<\/li>\n<li>Proporcionar condi\u00e7\u00f5es para a participa\u00e7\u00e3o dos membros da comunidade educativa e promover a sua iniciativa.<\/li>\n<li>No exerc\u00edcio das suas fun\u00e7\u00f5es, os titulares dos cargos previstos no presente Regulamento Interno est\u00e3o exclusivamente ao servi\u00e7o do interesse p\u00fablico, devendo observar no exerc\u00edcio das suas fun\u00e7\u00f5es os valores fundamentais e princ\u00edpios da atividade administrativa consagrados na Constitui\u00e7\u00e3o e na lei, designadamente os da legalidade, justi\u00e7a e imparcialidade, compet\u00eancia, responsabilidade, proporcionalidade, transpar\u00eancia e boa-f\u00e9.<\/li>\n<\/ul>\n<\/div><\/section>\n<div  class='hr hr-default '><span class='hr-inner ' ><span class='hr-inner-style'><\/span><\/span><\/div>\n<div class=\"flex_column av_one_full  flex_column_div first  \" ><div style='padding-bottom:10px;font-size:35px;' class='av-special-heading av-special-heading-h2  blockquote modern-quote modern-centered  av-inherit-size'><h2 class='av-special-heading-tag'  itemprop=\"headline\"  >Escolas<\/h2><div class ='av-subheading av-subheading_below ' style='font-size:15px;'><p>Todas as Escolas do nosso Agrupamento<\/p>\n<\/div><div class='special-heading-border'><div class='special-heading-inner-border' ><\/div><\/div><\/div><\/div>\n<div class=\"flex_column av_one_third  flex_column_div first  \" ><div class='avia-icon-list-container '><ul class='avia-icon-list avia-icon-list-left avia_animate_when_almost_visible'>\n<li><div  class='iconlist_icon avia-font-entypo-fontello'><span class='iconlist-char' aria-hidden='true' data-av_icon='\ue829' data-av_iconfont='entypo-fontello'><\/span><\/div><article class=\"article-icon-entry \"  itemscope=\"itemscope\" itemtype=\"https:\/\/schema.org\/CreativeWork\" ><div class='iconlist_content_wrap'><header class=\"entry-content-header\"><h4 class='iconlist_title'  itemprop=\"headline\"  >Escola Secund\u00e1ria Alcaides de Faria<\/h4><\/header><div class='iconlist_content '  itemprop=\"text\"  ><p>Escola Secund\u00e1ria<\/p>\n<\/div><\/div><footer class=\"entry-footer\"><\/footer><\/article><div class='iconlist-timeline'><\/div><\/li>\n<li><div  class='iconlist_icon avia-font-entypo-fontello'><span class='iconlist-char' aria-hidden='true' data-av_icon='\ue828' data-av_iconfont='entypo-fontello'><\/span><\/div><article class=\"article-icon-entry \"  itemscope=\"itemscope\" itemtype=\"https:\/\/schema.org\/CreativeWork\" ><div class='iconlist_content_wrap'><header class=\"entry-content-header\"><h4 class='iconlist_title'  itemprop=\"headline\"  >Escola B\u00e1sica de Galegos - S\u00e3o Martinho, Barcelos<\/h4><\/header><div class='iconlist_content '  itemprop=\"text\"  ><p>Escola B\u00e1sica<\/p>\n<\/div><\/div><footer class=\"entry-footer\"><\/footer><\/article><div class='iconlist-timeline'><\/div><\/li>\n<li><div  class='iconlist_icon avia-font-entypo-fontello'><span class='iconlist-char' aria-hidden='true' data-av_icon='\ue828' data-av_iconfont='entypo-fontello'><\/span><\/div><article class=\"article-icon-entry \"  itemscope=\"itemscope\" itemtype=\"https:\/\/schema.org\/CreativeWork\" ><div class='iconlist_content_wrap'><header class=\"entry-content-header\"><h4 class='iconlist_title'  itemprop=\"headline\"  >Escola B\u00e1sica de Manhente, Barcelos<\/h4><\/header><div class='iconlist_content '  itemprop=\"text\"  ><p>Escola B\u00e1sica<\/p>\n<\/div><\/div><footer class=\"entry-footer\"><\/footer><\/article><div class='iconlist-timeline'><\/div><\/li>\n<li><div  class='iconlist_icon avia-font-entypo-fontello'><span class='iconlist-char' aria-hidden='true' data-av_icon='\ue836' data-av_iconfont='entypo-fontello'><\/span><\/div><article class=\"article-icon-entry \"  itemscope=\"itemscope\" itemtype=\"https:\/\/schema.org\/CreativeWork\" ><div class='iconlist_content_wrap'><header class=\"entry-content-header\"><h4 class='iconlist_title'  itemprop=\"headline\"  >Jardim de Inf\u00e2ncia de Igreja, Manhente, Barcelos<\/h4><\/header><div class='iconlist_content '  itemprop=\"text\"  ><p>Jardim de inf\u00e2ncia<\/p>\n<\/div><\/div><footer class=\"entry-footer\"><\/footer><\/article><div class='iconlist-timeline'><\/div><\/li>\n<\/ul><\/div><\/div>\n<div class=\"flex_column av_one_third  flex_column_div av-zero-column-padding   \" style='border-radius:0px; '><div class='avia-icon-list-container '><ul class='avia-icon-list avia-icon-list-left avia_animate_when_almost_visible'>\n<li><div  class='iconlist_icon avia-font-entypo-fontello'><span class='iconlist-char' aria-hidden='true' data-av_icon='\ue828' data-av_iconfont='entypo-fontello'><\/span><\/div><article class=\"article-icon-entry \"  itemscope=\"itemscope\" itemtype=\"https:\/\/schema.org\/CreativeWork\" ><div class='iconlist_content_wrap'><header class=\"entry-content-header\"><h4 class='iconlist_title'  itemprop=\"headline\"  >Escola B\u00e1sica de Areias, Barcelos<\/h4><\/header><div class='iconlist_content '  itemprop=\"text\"  ><p>Escola\u00a0B\u00e1sica<\/p>\n<\/div><\/div><footer class=\"entry-footer\"><\/footer><\/article><div class='iconlist-timeline'><\/div><\/li>\n<li><div  class='iconlist_icon avia-font-entypo-fontello'><span class='iconlist-char' aria-hidden='true' data-av_icon='\ue828' data-av_iconfont='entypo-fontello'><\/span><\/div><article class=\"article-icon-entry \"  itemscope=\"itemscope\" itemtype=\"https:\/\/schema.org\/CreativeWork\" ><div class='iconlist_content_wrap'><header class=\"entry-content-header\"><h4 class='iconlist_title'  itemprop=\"headline\"  >Escola B\u00e1sica de Caminhos, Barcelos<\/h4><\/header><div class='iconlist_content '  itemprop=\"text\"  ><p>Escola B\u00e1sica<\/p>\n<\/div><\/div><footer class=\"entry-footer\"><\/footer><\/article><div class='iconlist-timeline'><\/div><\/li>\n<li><div  class='iconlist_icon avia-font-entypo-fontello'><span class='iconlist-char' aria-hidden='true' data-av_icon='\ue828' data-av_iconfont='entypo-fontello'><\/span><\/div><article class=\"article-icon-entry \"  itemscope=\"itemscope\" itemtype=\"https:\/\/schema.org\/CreativeWork\" ><div class='iconlist_content_wrap'><header class=\"entry-content-header\"><h4 class='iconlist_title'  itemprop=\"headline\"  >Escola B\u00e1sica de Galegos - Santa Maria, Barcelos<\/h4><\/header><div class='iconlist_content '  itemprop=\"text\"  ><p>Escola B\u00e1sica<\/p>\n<\/div><\/div><footer class=\"entry-footer\"><\/footer><\/article><div class='iconlist-timeline'><\/div><\/li>\n<li><div  class='iconlist_icon avia-font-entypo-fontello'><span class='iconlist-char' aria-hidden='true' data-av_icon='\ue836' data-av_iconfont='entypo-fontello'><\/span><\/div><article class=\"article-icon-entry \"  itemscope=\"itemscope\" itemtype=\"https:\/\/schema.org\/CreativeWork\" ><div class='iconlist_content_wrap'><header class=\"entry-content-header\"><h4 class='iconlist_title'  itemprop=\"headline\"  >Jardim de Inf\u00e2ncia de Oliveira, Barcelos<\/h4><\/header><div class='iconlist_content '  itemprop=\"text\"  ><p>Jardim de inf\u00e2ncia<\/p>\n<\/div><\/div><footer class=\"entry-footer\"><\/footer><\/article><div class='iconlist-timeline'><\/div><\/li>\n<\/ul><\/div><\/div>\n<div class=\"flex_column av_one_third  flex_column_div av-zero-column-padding   \" style='border-radius:0px; '><div class='avia-icon-list-container '><ul class='avia-icon-list avia-icon-list-left avia_animate_when_almost_visible'>\n<li><div  class='iconlist_icon avia-font-entypo-fontello'><span class='iconlist-char' aria-hidden='true' data-av_icon='\ue828' data-av_iconfont='entypo-fontello'><\/span><\/div><article class=\"article-icon-entry \"  itemscope=\"itemscope\" itemtype=\"https:\/\/schema.org\/CreativeWork\" ><div class='iconlist_content_wrap'><header class=\"entry-content-header\"><h4 class='iconlist_title'  itemprop=\"headline\"  >Escola B\u00e1sica de Oliveira, Barcelos<\/h4><\/header><div class='iconlist_content '  itemprop=\"text\"  ><p>Escola B\u00e1sica<\/p>\n<\/div><\/div><footer class=\"entry-footer\"><\/footer><\/article><div class='iconlist-timeline'><\/div><\/li>\n<li><div  class='iconlist_icon avia-font-entypo-fontello'><span class='iconlist-char' aria-hidden='true' data-av_icon='\ue828' data-av_iconfont='entypo-fontello'><\/span><\/div><article class=\"article-icon-entry \"  itemscope=\"itemscope\" itemtype=\"https:\/\/schema.org\/CreativeWork\" ><div class='iconlist_content_wrap'><header class=\"entry-content-header\"><h4 class='iconlist_title'  itemprop=\"headline\"  >Escola B\u00e1sica de Ucha, Barcelos<\/h4><\/header><div class='iconlist_content '  itemprop=\"text\"  ><p>Escola B\u00e1sica<\/p>\n<\/div><\/div><footer class=\"entry-footer\"><\/footer><\/article><div class='iconlist-timeline'><\/div><\/li>\n<\/ul><\/div><\/div>\n","protected":false},"excerpt":{"rendered":"","protected":false},"author":1,"featured_media":0,"parent":0,"menu_order":0,"comment_status":"open","ping_status":"open","template":"","meta":[],"_links":{"self":[{"href":"https:\/\/aeaf.edu.pt\/index.php?rest_route=\/wp\/v2\/pages\/2911"}],"collection":[{"href":"https:\/\/aeaf.edu.pt\/index.php?rest_route=\/wp\/v2\/pages"}],"about":[{"href":"https:\/\/aeaf.edu.pt\/index.php?rest_route=\/wp\/v2\/types\/page"}],"author":[{"embeddable":true,"href":"https:\/\/aeaf.edu.pt\/index.php?rest_route=\/wp\/v2\/users\/1"}],"replies":[{"embeddable":true,"href":"https:\/\/aeaf.edu.pt\/index.php?rest_route=%2Fwp%2Fv2%2Fcomments&post=2911"}],"version-history":[{"count":32,"href":"https:\/\/aeaf.edu.pt\/index.php?rest_route=\/wp\/v2\/pages\/2911\/revisions"}],"predecessor-version":[{"id":12257,"href":"https:\/\/aeaf.edu.pt\/index.php?rest_route=\/wp\/v2\/pages\/2911\/revisions\/12257"}],"wp:attachment":[{"href":"https:\/\/aeaf.edu.pt\/index.php?rest_route=%2Fwp%2Fv2%2Fmedia&parent=2911"}],"curies":[{"name":"wp","href":"https:\/\/api.w.org\/{rel}","templated":true}]}}