{"id":2948,"date":"2014-05-05T12:48:21","date_gmt":"2014-05-05T12:48:21","guid":{"rendered":"http:\/\/aeaf.edu.pt\/?page_id=2948"},"modified":"2025-07-31T18:24:22","modified_gmt":"2025-07-31T18:24:22","slug":"conselho-geral","status":"publish","type":"page","link":"https:\/\/aeaf.edu.pt\/?page_id=2948","title":{"rendered":"Conselho Geral"},"content":{"rendered":"<div style='padding-bottom:0px;' class='av-special-heading av-special-heading-h2  blockquote modern-quote modern-centered  '><h2 class='av-special-heading-tag'  itemprop=\"headline\"  >Conselho Geral<\/h2><div class='special-heading-border'><div class='special-heading-inner-border' ><\/div><\/div><\/div>\n<div style='padding-bottom:20px;' class='av-special-heading av-special-heading-h4    '><h4 class='av-special-heading-tag'  itemprop=\"headline\"  >Representantes dos docentes<\/h4><div class='special-heading-border'><div class='special-heading-inner-border' ><\/div><\/div><\/div>\n<div class=\"flex_column av_one_fifth  flex_column_div first  \" ><section class='avia-team-member '  itemscope=\"itemscope\" itemtype=\"https:\/\/schema.org\/Person\" ><div class='team-img-container'><img class='avia_image avia_image_team' src='http:\/\/aeaf.edu.pt\/wp-content\/uploads\/2014\/05\/181-300x300.png' alt='Valdemar Gomes'  itemprop=\"image\"  \/><div class='team-social'><div class='team-social-inner'><span class='hidden av_member_url_markup '  itemprop=\"email\" >mailto:geral@esaf.edu.pt<\/span><a rel='v:url' data-avia-tooltip=\"email\" target='_blank' class=' avia-team-icon ' href='mailto:geral@esaf.edu.pt' aria-hidden='true' data-av_icon='\ue805' data-av_iconfont='entypo-fontello'><\/a><\/div><\/div><\/div><h3 class='team-member-name'   itemprop=\"name\" >Valdemar Gomes<\/h3><div class='team-member-job-title '   itemprop=\"jobTitle\" >Inform\u00e1tica<\/div><span class='hidden team-member-affiliation'  itemprop=\"affiliation\" >AEAF<\/span><\/section><\/div>\n<div class=\"flex_column av_one_fifth  flex_column_div av-zero-column-padding   \" style='border-radius:0px; '><section class='avia-team-member '  itemscope=\"itemscope\" itemtype=\"https:\/\/schema.org\/Person\" ><div class='team-img-container'><img class='avia_image avia_image_team' src='http:\/\/aeaf.edu.pt\/wp-content\/uploads\/2014\/05\/18.png' alt='Artur Dur\u00e3o'  itemprop=\"image\"  \/><div class='team-social'><div class='team-social-inner'><span class='hidden av_member_url_markup '  itemprop=\"email\" >mailto:geral@esaf.edu.pt<\/span><a rel='v:url' data-avia-tooltip=\"email\" target='_blank' class=' avia-team-icon ' href='mailto:geral@esaf.edu.pt' aria-hidden='true' data-av_icon='\ue805' data-av_iconfont='entypo-fontello'><\/a><\/div><\/div><\/div><h3 class='team-member-name'   itemprop=\"name\" >Artur Dur\u00e3o<\/h3><div class='team-member-job-title '   itemprop=\"jobTitle\" >Artes Visuais<\/div><span class='hidden team-member-affiliation'  itemprop=\"affiliation\" >AEAF<\/span><\/section><\/div>\n<div class=\"flex_column av_one_fifth  flex_column_div av-zero-column-padding   \" style='border-radius:0px; '><section class='avia-team-member '  itemscope=\"itemscope\" itemtype=\"https:\/\/schema.org\/Person\" ><div class='team-img-container'><img class='avia_image avia_image_team' src='http:\/\/aeaf.edu.pt\/wp-content\/uploads\/2014\/05\/171-300x300.png' alt='Cristina Silva'  itemprop=\"image\"  \/><div class='team-social'><div class='team-social-inner'><span class='hidden av_member_url_markup '  itemprop=\"email\" >mailto:geral@esaf.edu.pt<\/span><a rel='v:url' data-avia-tooltip=\"email\" target='_blank' class=' avia-team-icon ' href='mailto:geral@esaf.edu.pt' aria-hidden='true' data-av_icon='\ue805' data-av_iconfont='entypo-fontello'><\/a><\/div><\/div><\/div><h3 class='team-member-name'   itemprop=\"name\" >Cristina Silva<\/h3><div class='team-member-job-title '   itemprop=\"jobTitle\" >Biologia e Geologia<\/div><span class='hidden team-member-affiliation'  itemprop=\"affiliation\" >AEAF<\/span><\/section><\/div>\n<div class=\"flex_column av_one_fifth  flex_column_div av-zero-column-padding   \" style='border-radius:0px; '><section class='avia-team-member '  itemscope=\"itemscope\" itemtype=\"https:\/\/schema.org\/Person\" ><div class='team-img-container'><img class='avia_image avia_image_team' src='http:\/\/aeaf.edu.pt\/wp-content\/uploads\/2014\/05\/17.png' alt='Concei\u00e7\u00e3o Varzim'  itemprop=\"image\"  \/><div class='team-social'><div class='team-social-inner'><span class='hidden av_member_url_markup '  itemprop=\"email\" >mailto:geral@esaf.edu.pt<\/span><a rel='v:url' data-avia-tooltip=\"email\" target='_blank' class=' avia-team-icon ' href='mailto:geral@esaf.edu.pt' aria-hidden='true' data-av_icon='\ue805' data-av_iconfont='entypo-fontello'><\/a><\/div><\/div><\/div><h3 class='team-member-name'   itemprop=\"name\" >Concei\u00e7\u00e3o Varzim<\/h3><div class='team-member-job-title '   itemprop=\"jobTitle\" >1\u00ba Ciclo<\/div><span class='hidden team-member-affiliation'  itemprop=\"affiliation\" >AEAF<\/span><\/section><\/div>\n<div class=\"flex_column av_one_fifth  flex_column_div av-zero-column-padding   \" style='border-radius:0px; '><section class='avia-team-member '  itemscope=\"itemscope\" itemtype=\"https:\/\/schema.org\/Person\" ><div class='team-img-container'><img class='avia_image avia_image_team' src='http:\/\/aeaf.edu.pt\/wp-content\/uploads\/2014\/05\/17.png' alt='Maria Alice Ribeiro'  itemprop=\"image\"  \/><div class='team-social'><div class='team-social-inner'><span class='hidden av_member_url_markup '  itemprop=\"email\" >mailto:geral@esaf.edu.pt<\/span><a rel='v:url' data-avia-tooltip=\"email\" target='_blank' class=' avia-team-icon ' href='mailto:geral@esaf.edu.pt' aria-hidden='true' data-av_icon='\ue805' data-av_iconfont='entypo-fontello'><\/a><\/div><\/div><\/div><h3 class='team-member-name'   itemprop=\"name\" >Maria Alice Ribeiro<\/h3><div class='team-member-job-title '   itemprop=\"jobTitle\" >Economia\/Contabilidade<\/div><span class='hidden team-member-affiliation'  itemprop=\"affiliation\" >AEAF<\/span><\/section><\/div>\n<div class=\"flex_column av_one_fifth  flex_column_div first  \" ><section class='avia-team-member '  itemscope=\"itemscope\" itemtype=\"https:\/\/schema.org\/Person\" ><div class='team-img-container'><img class='avia_image avia_image_team' src='http:\/\/aeaf.edu.pt\/wp-content\/uploads\/2014\/05\/171-300x300.png' alt='Teresa Silva'  itemprop=\"image\"  \/><div class='team-social'><div class='team-social-inner'><span class='hidden av_member_url_markup '  itemprop=\"email\" >mailto:geral@esaf.edu.pt<\/span><a rel='v:url' data-avia-tooltip=\"email\" target='_blank' class=' avia-team-icon ' href='mailto:geral@esaf.edu.pt' aria-hidden='true' data-av_icon='\ue805' data-av_iconfont='entypo-fontello'><\/a><\/div><\/div><\/div><h3 class='team-member-name'   itemprop=\"name\" >Teresa Silva<\/h3><div class='team-member-job-title '   itemprop=\"jobTitle\" >Portugu\u00eas-Ingl\u00eas<\/div><span class='hidden team-member-affiliation'  itemprop=\"affiliation\" >AEAF<\/span><\/section><\/div>\n<div class=\"flex_column av_one_fifth  flex_column_div av-zero-column-padding   \" style='border-radius:0px; '><section class='avia-team-member '  itemscope=\"itemscope\" itemtype=\"https:\/\/schema.org\/Person\" ><div class='team-img-container'><img class='avia_image avia_image_team' src='http:\/\/aeaf.edu.pt\/wp-content\/uploads\/2014\/05\/17.png' alt='Paula Machado'  itemprop=\"image\"  \/><div class='team-social'><div class='team-social-inner'><span class='hidden av_member_url_markup '  itemprop=\"email\" >mailto:geral@esaf.edu.pt<\/span><a rel='v:url' data-avia-tooltip=\"email\" target='_blank' class=' avia-team-icon ' href='mailto:geral@esaf.edu.pt' aria-hidden='true' data-av_icon='\ue805' data-av_iconfont='entypo-fontello'><\/a><\/div><\/div><\/div><h3 class='team-member-name'   itemprop=\"name\" >Paula Machado<\/h3><div class='team-member-job-title '   itemprop=\"jobTitle\" >Espanhol<\/div><span class='hidden team-member-affiliation'  itemprop=\"affiliation\" >AEAF<\/span><\/section><\/div>\n<div class=\"flex_column av_one_fifth  flex_column_div av-zero-column-padding   \" style='border-radius:0px; '><section class='avia-team-member '  itemscope=\"itemscope\" itemtype=\"https:\/\/schema.org\/Person\" ><div class='team-img-container'><img class='avia_image avia_image_team' src='http:\/\/aeaf.edu.pt\/wp-content\/uploads\/2014\/05\/17.png' alt='Maria Elisa Campos'  itemprop=\"image\"  \/><div class='team-social'><div class='team-social-inner'><span class='hidden av_member_url_markup '  itemprop=\"email\" >mailto:geral@esaf.edu.pt<\/span><a rel='v:url' data-avia-tooltip=\"email\" target='_blank' class=' avia-team-icon ' href='mailto:geral@esaf.edu.pt' aria-hidden='true' data-av_icon='\ue805' data-av_iconfont='entypo-fontello'><\/a><\/div><\/div><\/div><h3 class='team-member-name'   itemprop=\"name\" >Maria Elisa Campos<\/h3><div class='team-member-job-title '   itemprop=\"jobTitle\" >Educa\u00e7\u00e3o Pr\u00e9-Escolar<\/div><span class='hidden team-member-affiliation'  itemprop=\"affiliation\" >AEAF<\/span><\/section><\/div>\n<div style='padding-bottom:20px;' class='av-special-heading av-special-heading-h4    '><h4 class='av-special-heading-tag'  itemprop=\"headline\"  >Representantes dos Pais e Enc. de Ed.<\/h4><div class='special-heading-border'><div class='special-heading-inner-border' ><\/div><\/div><\/div>\n<div class=\"flex_column av_one_fifth  flex_column_div first  \" ><section class='avia-team-member '  itemscope=\"itemscope\" itemtype=\"https:\/\/schema.org\/Person\" ><div class='team-img-container'><img class='avia_image avia_image_team' src='http:\/\/aeaf.edu.pt\/wp-content\/uploads\/2014\/05\/18.png' alt='Lu\u00eds Pedro Jardim Sobral'  itemprop=\"image\"  \/><div class='team-social'><div class='team-social-inner'><span class='hidden av_member_url_markup '  itemprop=\"email\" >mailto:geral@esaf.edu.pt<\/span><a rel='v:url' data-avia-tooltip=\"email\" target='_blank' class=' avia-team-icon ' href='mailto:geral@esaf.edu.pt' aria-hidden='true' data-av_icon='\ue805' data-av_iconfont='entypo-fontello'><\/a><\/div><\/div><\/div><h3 class='team-member-name'   itemprop=\"name\" >Lu\u00eds Pedro Jardim Sobral<\/h3><div class='team-member-job-title '   itemprop=\"jobTitle\" >ESAF<\/div><span class='hidden team-member-affiliation'  itemprop=\"affiliation\" >AEAF<\/span><\/section><\/div>\n<div class=\"flex_column av_one_fifth  flex_column_div av-zero-column-padding   \" style='border-radius:0px; '><section class='avia-team-member '  itemscope=\"itemscope\" itemtype=\"https:\/\/schema.org\/Person\" ><div class='team-img-container'><img class='avia_image avia_image_team' src='http:\/\/aeaf.edu.pt\/wp-content\/uploads\/2014\/05\/181-300x300.png' alt='Carlos H\u00e9lder Dias Reis'  itemprop=\"image\"  \/><div class='team-social'><div class='team-social-inner'><span class='hidden av_member_url_markup '  itemprop=\"email\" >mailto:geral@esaf.edu.pt<\/span><a rel='v:url' data-avia-tooltip=\"email\" target='_blank' class=' avia-team-icon ' href='mailto:geral@esaf.edu.pt' aria-hidden='true' data-av_icon='\ue805' data-av_iconfont='entypo-fontello'><\/a><\/div><\/div><\/div><h3 class='team-member-name'   itemprop=\"name\" >Carlos H\u00e9lder Dias Reis<\/h3><div class='team-member-job-title '   itemprop=\"jobTitle\" >ESAF<\/div><span class='hidden team-member-affiliation'  itemprop=\"affiliation\" >AEAF<\/span><\/section><\/div>\n<div class=\"flex_column av_one_fifth  flex_column_div av-zero-column-padding   \" style='border-radius:0px; '><section class='avia-team-member '  itemscope=\"itemscope\" itemtype=\"https:\/\/schema.org\/Person\" ><div class='team-img-container'><img class='avia_image avia_image_team' src='http:\/\/aeaf.edu.pt\/wp-content\/uploads\/2014\/05\/17-300x300.png' alt='Maria Lu\u00edsa Torres Campos'  itemprop=\"image\"  \/><div class='team-social'><div class='team-social-inner'><span class='hidden av_member_url_markup '  itemprop=\"email\" >mailto:geral@esaf.edu.pt<\/span><a rel='v:url' data-avia-tooltip=\"email\" target='_blank' class=' avia-team-icon ' href='mailto:geral@esaf.edu.pt' aria-hidden='true' data-av_icon='\ue805' data-av_iconfont='entypo-fontello'><\/a><\/div><\/div><\/div><h3 class='team-member-name'   itemprop=\"name\" >Maria Lu\u00edsa Torres Campos<\/h3><div class='team-member-job-title '   itemprop=\"jobTitle\" >EB 2,3 Manhente<\/div><span class='hidden team-member-affiliation'  itemprop=\"affiliation\" >AEAF<\/span><\/section><\/div>\n<div class=\"flex_column av_one_fifth  flex_column_div av-zero-column-padding   \" style='border-radius:0px; '><section class='avia-team-member '  itemscope=\"itemscope\" itemtype=\"https:\/\/schema.org\/Person\" ><div class='team-img-container'><img class='avia_image avia_image_team' src='http:\/\/aeaf.edu.pt\/wp-content\/uploads\/2014\/05\/171-300x300.png' alt='Carla Maria Carvalho Ara\u00fajo'  itemprop=\"image\"  \/><div class='team-social'><div class='team-social-inner'><span class='hidden av_member_url_markup '  itemprop=\"email\" >mailto:geral@esaf.edu.pt<\/span><a rel='v:url' data-avia-tooltip=\"email\" target='_blank' class=' avia-team-icon ' href='mailto:geral@esaf.edu.pt' aria-hidden='true' data-av_icon='\ue805' data-av_iconfont='entypo-fontello'><\/a><\/div><\/div><\/div><h3 class='team-member-name'   itemprop=\"name\" >Carla Maria Carvalho Ara\u00fajo<\/h3><div class='team-member-job-title '   itemprop=\"jobTitle\" >JI\/EB1 de Oliveira<\/div><span class='hidden team-member-affiliation'  itemprop=\"affiliation\" >AEAF<\/span><\/section><\/div>\n<div style='padding-bottom:20px;' class='av-special-heading av-special-heading-h4    '><h4 class='av-special-heading-tag'  itemprop=\"headline\"  >Representantes do Munic\u00edpio<\/h4><div class='special-heading-border'><div class='special-heading-inner-border' ><\/div><\/div><\/div>\n<div class=\"flex_column av_one_fifth  flex_column_div first  \" ><section class='avia-team-member '  itemscope=\"itemscope\" itemtype=\"https:\/\/schema.org\/Person\" ><div class='team-img-container'><img class='avia_image avia_image_team' src='http:\/\/aeaf.edu.pt\/wp-content\/uploads\/2014\/05\/17.png' alt='Maria Armandina F\u00e9lix Vila Ch\u00e3 Saleiro'  itemprop=\"image\"  \/><div class='team-social'><div class='team-social-inner'><span class='hidden av_member_url_markup '  itemprop=\"email\" >mailto:geral@esaf.edu.pt<\/span><a rel='v:url' data-avia-tooltip=\"email\" target='_blank' class=' avia-team-icon ' href='mailto:geral@esaf.edu.pt' aria-hidden='true' data-av_icon='\ue805' data-av_iconfont='entypo-fontello'><\/a><\/div><\/div><\/div><h3 class='team-member-name'   itemprop=\"name\" >Maria Armandina F\u00e9lix Vila Ch\u00e3 Saleiro<\/h3><div class='team-member-job-title '   itemprop=\"jobTitle\" >C.M. Barcelos<\/div><span class='hidden team-member-affiliation'  itemprop=\"affiliation\" >AEAF<\/span><\/section><\/div>\n<div class=\"flex_column av_one_fifth  flex_column_div av-zero-column-padding   \" style='border-radius:0px; '><section class='avia-team-member '  itemscope=\"itemscope\" itemtype=\"https:\/\/schema.org\/Person\" ><div class='team-img-container'><img class='avia_image avia_image_team' src='http:\/\/aeaf.edu.pt\/wp-content\/uploads\/2014\/05\/18.png' alt='Bruno Andr\u00e9 Torres Macedo'  itemprop=\"image\"  \/><div class='team-social'><div class='team-social-inner'><span class='hidden av_member_url_markup '  itemprop=\"email\" >mailto:geral@esaf.edu.pt<\/span><a rel='v:url' data-avia-tooltip=\"email\" target='_blank' class=' avia-team-icon ' href='mailto:geral@esaf.edu.pt' aria-hidden='true' data-av_icon='\ue805' data-av_iconfont='entypo-fontello'><\/a><\/div><\/div><\/div><h3 class='team-member-name'   itemprop=\"name\" >Bruno Andr\u00e9 Torres Macedo<\/h3><div class='team-member-job-title '   itemprop=\"jobTitle\" >Junta F. Galegos S. Maria<\/div><span class='hidden team-member-affiliation'  itemprop=\"affiliation\" >AEAF<\/span><\/section><\/div>\n<div class=\"flex_column av_one_fifth  flex_column_div av-zero-column-padding   \" style='border-radius:0px; '><section class='avia-team-member '  itemscope=\"itemscope\" itemtype=\"https:\/\/schema.org\/Person\" ><div class='team-img-container'><img class='avia_image avia_image_team' src='http:\/\/aeaf.edu.pt\/wp-content\/uploads\/2014\/05\/181-300x300.png' alt='Ant\u00f3nio Manuel Faria da Costa'  itemprop=\"image\"  \/><div class='team-social'><div class='team-social-inner'><span class='hidden av_member_url_markup '  itemprop=\"email\" >mailto:geral@esaf.edu.pt<\/span><a rel='v:url' data-avia-tooltip=\"email\" target='_blank' class=' avia-team-icon ' href='mailto:geral@esaf.edu.pt' aria-hidden='true' data-av_icon='\ue805' data-av_iconfont='entypo-fontello'><\/a><\/div><\/div><\/div><h3 class='team-member-name'   itemprop=\"name\" >Ant\u00f3nio Manuel Faria da Costa<\/h3><div class='team-member-job-title '   itemprop=\"jobTitle\" >Junta F. Ucha<\/div><span class='hidden team-member-affiliation'  itemprop=\"affiliation\" >AEAF<\/span><\/section><\/div>\n<div style='padding-bottom:20px;' class='av-special-heading av-special-heading-h4    '><h4 class='av-special-heading-tag'  itemprop=\"headline\"  >Representantes da Comunidade Local<\/h4><div class='special-heading-border'><div class='special-heading-inner-border' ><\/div><\/div><\/div>\n<div class=\"flex_column av_one_fifth  flex_column_div first  \" ><section class='avia-team-member '  itemscope=\"itemscope\" itemtype=\"https:\/\/schema.org\/Person\" ><div class='team-img-container'><img class='avia_image avia_image_team' src='http:\/\/aeaf.edu.pt\/wp-content\/uploads\/2014\/05\/17-300x300.png' alt='Isabel Ara\u00fajo '  itemprop=\"image\"  \/><div class='team-social'><div class='team-social-inner'><span class='hidden av_member_url_markup '  itemprop=\"email\" >mailto:geral@esaf.edu.pt<\/span><a rel='v:url' data-avia-tooltip=\"email\" target='_blank' class=' avia-team-icon ' href='mailto:geral@esaf.edu.pt' aria-hidden='true' data-av_icon='\ue805' data-av_iconfont='entypo-fontello'><\/a><\/div><\/div><\/div><h3 class='team-member-name'   itemprop=\"name\" >Isabel Ara\u00fajo <\/h3><div class='team-member-job-title '   itemprop=\"jobTitle\" >ZOOM<\/div><span class='hidden team-member-affiliation'  itemprop=\"affiliation\" >AEAF<\/span><\/section><\/div>\n<div class=\"flex_column av_one_fifth  flex_column_div av-zero-column-padding   \" style='border-radius:0px; '><section class='avia-team-member '  itemscope=\"itemscope\" itemtype=\"https:\/\/schema.org\/Person\" ><div class='team-img-container'><img class='avia_image avia_image_team' src='http:\/\/aeaf.edu.pt\/wp-content\/uploads\/2014\/05\/18.png' alt='C\u00e2ndido Bastos'  itemprop=\"image\"  \/><div class='team-social'><div class='team-social-inner'><span class='hidden av_member_url_markup '  itemprop=\"email\" >mailto:geral@esaf.edu.pt<\/span><a rel='v:url' data-avia-tooltip=\"email\" target='_blank' class=' avia-team-icon ' href='mailto:geral@esaf.edu.pt' aria-hidden='true' data-av_icon='\ue805' data-av_iconfont='entypo-fontello'><\/a><\/div><\/div><\/div><h3 class='team-member-name'   itemprop=\"name\" >C\u00e2ndido Bastos<\/h3><div class='team-member-job-title '   itemprop=\"jobTitle\" >Banda de M\u00fasica de Oliveira<\/div><span class='hidden team-member-affiliation'  itemprop=\"affiliation\" >AEAF<\/span><\/section><\/div>\n<div class=\"flex_column av_one_fifth  flex_column_div av-zero-column-padding   \" style='border-radius:0px; '><section class='avia-team-member '  itemscope=\"itemscope\" itemtype=\"https:\/\/schema.org\/Person\" ><div class='team-img-container'><img class='avia_image avia_image_team' src='http:\/\/aeaf.edu.pt\/wp-content\/uploads\/2014\/05\/18.png' alt='Jo\u00e3o Lemos'  itemprop=\"image\"  \/><div class='team-social'><div class='team-social-inner'><span class='hidden av_member_url_markup '  itemprop=\"email\" >mailto:geral@esaf.edu.pt<\/span><a rel='v:url' data-avia-tooltip=\"email\" target='_blank' class=' avia-team-icon ' href='mailto:geral@esaf.edu.pt' aria-hidden='true' data-av_icon='\ue805' data-av_iconfont='entypo-fontello'><\/a><\/div><\/div><\/div><h3 class='team-member-name'   itemprop=\"name\" >Jo\u00e3o Lemos<\/h3><span class='hidden team-member-affiliation'  itemprop=\"affiliation\" >AEAF<\/span><\/section><\/div>\n<div style='padding-bottom:20px;' class='av-special-heading av-special-heading-h4    '><h4 class='av-special-heading-tag'  itemprop=\"headline\"  >Representantes do P. N\u00e3o Docente<\/h4><div class='special-heading-border'><div class='special-heading-inner-border' ><\/div><\/div><\/div>\n<div class=\"flex_column av_one_fifth  flex_column_div first  \" ><section class='avia-team-member '  itemscope=\"itemscope\" itemtype=\"https:\/\/schema.org\/Person\" ><div class='team-img-container'><img class='avia_image avia_image_team' src='http:\/\/aeaf.edu.pt\/wp-content\/uploads\/2014\/05\/17.png' alt='Elisa Alberta C.Martins'  itemprop=\"image\"  \/><div class='team-social'><div class='team-social-inner'><span class='hidden av_member_url_markup '  itemprop=\"email\" >mailto:geral@esaf.edu.pt<\/span><a rel='v:url' data-avia-tooltip=\"email\" target='_blank' class=' avia-team-icon ' href='mailto:geral@esaf.edu.pt' aria-hidden='true' data-av_icon='\ue805' data-av_iconfont='entypo-fontello'><\/a><\/div><\/div><\/div><h3 class='team-member-name'   itemprop=\"name\" >Elisa Alberta C.Martins<\/h3><div class='team-member-job-title '   itemprop=\"jobTitle\" >Assistente T\u00e9cnica<\/div><span class='hidden team-member-affiliation'  itemprop=\"affiliation\" >AEAF<\/span><\/section><\/div>\n<div class=\"flex_column av_one_fifth  flex_column_div av-zero-column-padding   \" style='border-radius:0px; '><section class='avia-team-member '  itemscope=\"itemscope\" itemtype=\"https:\/\/schema.org\/Person\" ><div class='team-img-container'><img class='avia_image avia_image_team' src='http:\/\/aeaf.edu.pt\/wp-content\/uploads\/2014\/05\/171-300x300.png' alt='Maria do C\u00e9u O. Rodrigues'  itemprop=\"image\"  \/><div class='team-social'><div class='team-social-inner'><span class='hidden av_member_url_markup '  itemprop=\"email\" >mailto:geral@esaf.edu.pt<\/span><a rel='v:url' data-avia-tooltip=\"email\" target='_blank' class=' avia-team-icon ' href='mailto:geral@esaf.edu.pt' aria-hidden='true' data-av_icon='\ue805' data-av_iconfont='entypo-fontello'><\/a><\/div><\/div><\/div><h3 class='team-member-name'   itemprop=\"name\" >Maria do C\u00e9u O. Rodrigues<\/h3><div class='team-member-job-title '   itemprop=\"jobTitle\" >Assistente Operacional<\/div><span class='hidden team-member-affiliation'  itemprop=\"affiliation\" >AEAF<\/span><\/section><\/div>\n<div style='padding-bottom:20px;' class='av-special-heading av-special-heading-h4    '><h4 class='av-special-heading-tag'  itemprop=\"headline\"  >Representantes dos Alunos<\/h4><div class='special-heading-border'><div class='special-heading-inner-border' ><\/div><\/div><\/div>\n<div class=\"flex_column av_one_fifth  flex_column_div first  \" ><section class='avia-team-member '  itemscope=\"itemscope\" itemtype=\"https:\/\/schema.org\/Person\" ><div class='team-img-container'><img class='avia_image avia_image_team' src='http:\/\/aeaf.edu.pt\/wp-content\/uploads\/2014\/05\/171-300x300.png' alt='Teresa Miranda'  itemprop=\"image\"  \/><div class='team-social'><div class='team-social-inner'><span class='hidden av_member_url_markup '  itemprop=\"email\" >mailto:geral@esaf.edu.pt<\/span><a rel='v:url' data-avia-tooltip=\"email\" target='_blank' class=' avia-team-icon ' href='mailto:geral@esaf.edu.pt' aria-hidden='true' data-av_icon='\ue805' data-av_iconfont='entypo-fontello'><\/a><\/div><\/div><\/div><h3 class='team-member-name'   itemprop=\"name\" >Teresa Miranda<\/h3><div class='team-member-job-title '   itemprop=\"jobTitle\" >Ensino Sec. Diurno<\/div><span class='hidden team-member-affiliation'  itemprop=\"affiliation\" >AEAF<\/span><\/section><\/div><div style='padding-bottom:20px;' class='av-special-heading av-special-heading-h4    '><h4 class='av-special-heading-tag'  itemprop=\"headline\"  >Diretor (sem direito a voto)<\/h4><div class='special-heading-border'><div class='special-heading-inner-border' ><\/div><\/div><\/div><\/p>\n<div class=\"flex_column av_one_fifth  flex_column_div first  \" ><section class='avia-team-member '  itemscope=\"itemscope\" itemtype=\"https:\/\/schema.org\/Person\" ><div class='team-img-container'><img class='avia_image avia_image_team' src='http:\/\/aeaf.edu.pt\/wp-content\/uploads\/2014\/05\/18.png' alt='Prof. Manuel David Macedo Louren\u00e7o'  itemprop=\"image\"  \/><div class='team-social'><div class='team-social-inner'><span class='hidden av_member_url_markup '  itemprop=\"email\" >mailto:geral@esaf.edu.pt<\/span><a rel='v:url' data-avia-tooltip=\"email\" target='_blank' class=' avia-team-icon ' href='mailto:geral@esaf.edu.pt' aria-hidden='true' data-av_icon='\ue805' data-av_iconfont='entypo-fontello'><\/a><\/div><\/div><\/div><h3 class='team-member-name'   itemprop=\"name\" >Prof. Manuel David Macedo Louren\u00e7o<\/h3><div class='team-member-job-title '   itemprop=\"jobTitle\" >Presidente<\/div><span class='hidden team-member-affiliation'  itemprop=\"affiliation\" >AEAF<\/span><\/section><\/div>\n","protected":false},"excerpt":{"rendered":"","protected":false},"author":1,"featured_media":0,"parent":0,"menu_order":0,"comment_status":"open","ping_status":"open","template":"","meta":[],"_links":{"self":[{"href":"https:\/\/aeaf.edu.pt\/index.php?rest_route=\/wp\/v2\/pages\/2948"}],"collection":[{"href":"https:\/\/aeaf.edu.pt\/index.php?rest_route=\/wp\/v2\/pages"}],"about":[{"href":"https:\/\/aeaf.edu.pt\/index.php?rest_route=\/wp\/v2\/types\/page"}],"author":[{"embeddable":true,"href":"https:\/\/aeaf.edu.pt\/index.php?rest_route=\/wp\/v2\/users\/1"}],"replies":[{"embeddable":true,"href":"https:\/\/aeaf.edu.pt\/index.php?rest_route=%2Fwp%2Fv2%2Fcomments&post=2948"}],"version-history":[{"count":12,"href":"https:\/\/aeaf.edu.pt\/index.php?rest_route=\/wp\/v2\/pages\/2948\/revisions"}],"predecessor-version":[{"id":8014,"href":"https:\/\/aeaf.edu.pt\/index.php?rest_route=\/wp\/v2\/pages\/2948\/revisions\/8014"}],"wp:attachment":[{"href":"https:\/\/aeaf.edu.pt\/index.php?rest_route=%2Fwp%2Fv2%2Fmedia&parent=2948"}],"curies":[{"name":"wp","href":"https:\/\/api.w.org\/{rel}","templated":true}]}}