{"id":3028,"date":"2014-05-05T15:15:30","date_gmt":"2014-05-05T15:15:30","guid":{"rendered":"http:\/\/aeaf.edu.pt\/?page_id=3028"},"modified":"2017-01-23T23:32:58","modified_gmt":"2017-01-23T23:32:58","slug":"noticias","status":"publish","type":"page","link":"https:\/\/aeaf.edu.pt\/?page_id=3028","title":{"rendered":"Noticias"},"content":{"rendered":"<div style='padding-bottom:30px;font-size:35px;' class='av-special-heading av-special-heading-h2  blockquote modern-quote modern-centered   av-inherit-size'><h2 class='av-special-heading-tag'  itemprop=\"headline\"  >Not\u00edcias<\/h2><div class='special-heading-border'><div class='special-heading-inner-border' ><\/div><\/div><\/div>\n<div  data-autoplay=''  data-interval='5'  data-animation='fade'  data-show_slide_delay='90'  class='avia-content-slider avia-content-grid-active avia-content-slider1 avia-content-slider-odd '  itemscope=\"itemscope\" itemtype=\"https:\/\/schema.org\/Blog\" ><div class='avia-content-slider-inner'><div class='slide-entry-wrap'><article class='slide-entry flex_column  post-entry post-entry-16159 slide-entry-overview slide-loop-1 slide-parity-odd  av_one_third first real-thumbnail'  itemscope=\"itemscope\" itemtype=\"https:\/\/schema.org\/BlogPosting\" itemprop=\"blogPost\" ><a href='https:\/\/aeaf.edu.pt\/?p=16159' data-rel='slide-1' class='slide-image' title=''><img width=\"400\" height=\"400\" src=\"https:\/\/aeaf.edu.pt\/wp-content\/uploads\/2026\/04\/cartaz-Dia-Aberto-ESAF1-400x400.png\" class=\"attachment-portfolio size-portfolio wp-post-image\" alt=\"\" loading=\"lazy\" srcset=\"https:\/\/aeaf.edu.pt\/wp-content\/uploads\/2026\/04\/cartaz-Dia-Aberto-ESAF1-400x400.png 400w, https:\/\/aeaf.edu.pt\/wp-content\/uploads\/2026\/04\/cartaz-Dia-Aberto-ESAF1-80x80.png 80w, https:\/\/aeaf.edu.pt\/wp-content\/uploads\/2026\/04\/cartaz-Dia-Aberto-ESAF1-36x36.png 36w, https:\/\/aeaf.edu.pt\/wp-content\/uploads\/2026\/04\/cartaz-Dia-Aberto-ESAF1-180x180.png 180w, https:\/\/aeaf.edu.pt\/wp-content\/uploads\/2026\/04\/cartaz-Dia-Aberto-ESAF1-120x120.png 120w\" sizes=\"(max-width: 400px) 100vw, 400px\" \/><\/a><div class='slide-content'><header class=\"entry-content-header\"><h3 class='slide-entry-title entry-title'  itemprop=\"headline\" ><a href='https:\/\/aeaf.edu.pt\/?p=16159' title='ESAF - Dia Aberto | 2026'>ESAF - Dia Aberto | 2026<\/a><\/h3><\/header><div class='slide-meta'><time class='slide-meta-time updated'  itemprop=\"datePublished\" datetime=\"2026-04-28T22:04:00+00:00\" >Abril 28, 2026<\/time><\/div><div class='slide-entry-excerpt entry-content'  itemprop=\"text\" >\n\n\n\n\n\n\n\n\n\n\n\n\nPrograma DIA ABERTO ESAF - 30 ABRIL 2026Descarr\u2026<\/div><\/div><footer class=\"entry-footer\"><\/footer><\/article><article class='slide-entry flex_column  post-entry post-entry-16145 slide-entry-overview slide-loop-2 slide-parity-even  av_one_third  real-thumbnail'  itemscope=\"itemscope\" itemtype=\"https:\/\/schema.org\/BlogPosting\" itemprop=\"blogPost\" ><a href='https:\/\/aeaf.edu.pt\/?p=16145' data-rel='slide-1' class='slide-image' title=''><img width=\"210\" height=\"209\" src=\"https:\/\/aeaf.edu.pt\/wp-content\/uploads\/2020\/05\/VermelhoSepnovo.png\" class=\"attachment-portfolio size-portfolio wp-post-image\" alt=\"\" loading=\"lazy\" srcset=\"https:\/\/aeaf.edu.pt\/wp-content\/uploads\/2020\/05\/VermelhoSepnovo.png 210w, https:\/\/aeaf.edu.pt\/wp-content\/uploads\/2020\/05\/VermelhoSepnovo-80x80.png 80w, https:\/\/aeaf.edu.pt\/wp-content\/uploads\/2020\/05\/VermelhoSepnovo-36x36.png 36w, https:\/\/aeaf.edu.pt\/wp-content\/uploads\/2020\/05\/VermelhoSepnovo-180x180.png 180w, https:\/\/aeaf.edu.pt\/wp-content\/uploads\/2020\/05\/VermelhoSepnovo-120x120.png 120w\" sizes=\"(max-width: 210px) 100vw, 210px\" \/><\/a><div class='slide-content'><header class=\"entry-content-header\"><h3 class='slide-entry-title entry-title'  itemprop=\"headline\" ><a href='https:\/\/aeaf.edu.pt\/?p=16145' title='Abertura de Concurso para o Grupo de Recrutamento 320 - Hor\u00e1rio n.\u00ba 77'>Abertura de Concurso para o Grupo de Recrutamento 320 - Hor\u00e1rio n.\u00ba 77<\/a><\/h3><\/header><div class='slide-meta'><time class='slide-meta-time updated'  itemprop=\"datePublished\" datetime=\"2026-04-20T12:59:25+00:00\" >Abril 20, 2026<\/time><\/div><div class='slide-entry-excerpt entry-content'  itemprop=\"text\" >\n\n\n\n\nNos termos do disposto Decreto-Lei n.\u00ba 32-A\/2023, de 8\u2026<\/div><\/div><footer class=\"entry-footer\"><\/footer><\/article><article class='slide-entry flex_column  post-entry post-entry-16141 slide-entry-overview slide-loop-3 slide-parity-odd  av_one_third  real-thumbnail'  itemscope=\"itemscope\" itemtype=\"https:\/\/schema.org\/BlogPosting\" itemprop=\"blogPost\" ><a href='https:\/\/aeaf.edu.pt\/?p=16141' data-rel='slide-1' class='slide-image' title=''><img width=\"210\" height=\"209\" src=\"https:\/\/aeaf.edu.pt\/wp-content\/uploads\/2020\/05\/VermelhoSepnovo.png\" class=\"attachment-portfolio size-portfolio wp-post-image\" alt=\"\" loading=\"lazy\" srcset=\"https:\/\/aeaf.edu.pt\/wp-content\/uploads\/2020\/05\/VermelhoSepnovo.png 210w, https:\/\/aeaf.edu.pt\/wp-content\/uploads\/2020\/05\/VermelhoSepnovo-80x80.png 80w, https:\/\/aeaf.edu.pt\/wp-content\/uploads\/2020\/05\/VermelhoSepnovo-36x36.png 36w, https:\/\/aeaf.edu.pt\/wp-content\/uploads\/2020\/05\/VermelhoSepnovo-180x180.png 180w, https:\/\/aeaf.edu.pt\/wp-content\/uploads\/2020\/05\/VermelhoSepnovo-120x120.png 120w\" sizes=\"(max-width: 210px) 100vw, 210px\" \/><\/a><div class='slide-content'><header class=\"entry-content-header\"><h3 class='slide-entry-title entry-title'  itemprop=\"headline\" ><a href='https:\/\/aeaf.edu.pt\/?p=16141' title='Abertura de Concurso para o Grupo de Recrutamento 550 - Hor\u00e1rio n.\u00ba 76'>Abertura de Concurso para o Grupo de Recrutamento 550 - Hor\u00e1rio n.\u00ba 76<\/a><\/h3><\/header><div class='slide-meta'><time class='slide-meta-time updated'  itemprop=\"datePublished\" datetime=\"2026-04-15T19:08:01+00:00\" >Abril 15, 2026<\/time><\/div><div class='slide-entry-excerpt entry-content'  itemprop=\"text\" >\n\n\n\n\nNos termos do disposto Decreto-Lei n.\u00ba 32-A\/2023, de 8\u2026<\/div><\/div><footer class=\"entry-footer\"><\/footer><\/article><\/div><div class='slide-entry-wrap'><article class='slide-entry flex_column  post-entry post-entry-16119 slide-entry-overview slide-loop-4 slide-parity-odd  av_one_third first real-thumbnail'  itemscope=\"itemscope\" itemtype=\"https:\/\/schema.org\/BlogPosting\" itemprop=\"blogPost\" ><a href='https:\/\/aeaf.edu.pt\/?p=16119' data-rel='slide-1' class='slide-image' title=''><img width=\"210\" height=\"209\" src=\"https:\/\/aeaf.edu.pt\/wp-content\/uploads\/2020\/05\/VermelhoSepnovo.png\" class=\"attachment-portfolio size-portfolio wp-post-image\" alt=\"\" loading=\"lazy\" srcset=\"https:\/\/aeaf.edu.pt\/wp-content\/uploads\/2020\/05\/VermelhoSepnovo.png 210w, https:\/\/aeaf.edu.pt\/wp-content\/uploads\/2020\/05\/VermelhoSepnovo-80x80.png 80w, https:\/\/aeaf.edu.pt\/wp-content\/uploads\/2020\/05\/VermelhoSepnovo-36x36.png 36w, https:\/\/aeaf.edu.pt\/wp-content\/uploads\/2020\/05\/VermelhoSepnovo-180x180.png 180w, https:\/\/aeaf.edu.pt\/wp-content\/uploads\/2020\/05\/VermelhoSepnovo-120x120.png 120w\" sizes=\"(max-width: 210px) 100vw, 210px\" \/><\/a><div class='slide-content'><header class=\"entry-content-header\"><h3 class='slide-entry-title entry-title'  itemprop=\"headline\" ><a href='https:\/\/aeaf.edu.pt\/?p=16119' title='MATR\u00cdCULAS 2026\/2027'>MATR\u00cdCULAS 2026\/2027<\/a><\/h3><\/header><div class='slide-meta'><time class='slide-meta-time updated'  itemprop=\"datePublished\" datetime=\"2026-04-09T22:14:41+00:00\" >Abril 9, 2026<\/time><\/div><div class='slide-entry-excerpt entry-content'  itemprop=\"text\" >\n\n\n\n\n\n\n\n\n\n\n\n\nExmos. Encarregados de Educa\u00e7\u00e3o,\n\n\n\nInforma-se\u2026<\/div><\/div><footer class=\"entry-footer\"><\/footer><\/article><article class='slide-entry flex_column  post-entry post-entry-16104 slide-entry-overview slide-loop-5 slide-parity-even  av_one_third  real-thumbnail'  itemscope=\"itemscope\" itemtype=\"https:\/\/schema.org\/BlogPosting\" itemprop=\"blogPost\" ><a href='https:\/\/aeaf.edu.pt\/?p=16104' data-rel='slide-1' class='slide-image' title=''><img width=\"210\" height=\"209\" src=\"https:\/\/aeaf.edu.pt\/wp-content\/uploads\/2020\/05\/VermelhoSepnovo.png\" class=\"attachment-portfolio size-portfolio wp-post-image\" alt=\"\" loading=\"lazy\" srcset=\"https:\/\/aeaf.edu.pt\/wp-content\/uploads\/2020\/05\/VermelhoSepnovo.png 210w, https:\/\/aeaf.edu.pt\/wp-content\/uploads\/2020\/05\/VermelhoSepnovo-80x80.png 80w, https:\/\/aeaf.edu.pt\/wp-content\/uploads\/2020\/05\/VermelhoSepnovo-36x36.png 36w, https:\/\/aeaf.edu.pt\/wp-content\/uploads\/2020\/05\/VermelhoSepnovo-180x180.png 180w, https:\/\/aeaf.edu.pt\/wp-content\/uploads\/2020\/05\/VermelhoSepnovo-120x120.png 120w\" sizes=\"(max-width: 210px) 100vw, 210px\" \/><\/a><div class='slide-content'><header class=\"entry-content-header\"><h3 class='slide-entry-title entry-title'  itemprop=\"headline\" ><a href='https:\/\/aeaf.edu.pt\/?p=16104' title='Abertura de Concurso para o Grupo de Recrutamento 100 - Hor\u00e1rio n.\u00ba 73'>Abertura de Concurso para o Grupo de Recrutamento 100 - Hor\u00e1rio n.\u00ba 73<\/a><\/h3><\/header><div class='slide-meta'><time class='slide-meta-time updated'  itemprop=\"datePublished\" datetime=\"2026-03-19T22:48:28+00:00\" >Mar\u00e7o 19, 2026<\/time><\/div><div class='slide-entry-excerpt entry-content'  itemprop=\"text\" >\n\n\n\n\nNos termos do disposto Decreto-Lei n.\u00ba 32-A\/2023, de 8\u2026<\/div><\/div><footer class=\"entry-footer\"><\/footer><\/article><article class='slide-entry flex_column  post-entry post-entry-16096 slide-entry-overview slide-loop-6 slide-parity-odd  av_one_third  real-thumbnail'  itemscope=\"itemscope\" itemtype=\"https:\/\/schema.org\/BlogPosting\" itemprop=\"blogPost\" ><a href='https:\/\/aeaf.edu.pt\/?p=16096' data-rel='slide-1' class='slide-image' title=''><img width=\"210\" height=\"209\" src=\"https:\/\/aeaf.edu.pt\/wp-content\/uploads\/2020\/05\/VermelhoSepnovo.png\" class=\"attachment-portfolio size-portfolio wp-post-image\" alt=\"\" loading=\"lazy\" srcset=\"https:\/\/aeaf.edu.pt\/wp-content\/uploads\/2020\/05\/VermelhoSepnovo.png 210w, https:\/\/aeaf.edu.pt\/wp-content\/uploads\/2020\/05\/VermelhoSepnovo-80x80.png 80w, https:\/\/aeaf.edu.pt\/wp-content\/uploads\/2020\/05\/VermelhoSepnovo-36x36.png 36w, https:\/\/aeaf.edu.pt\/wp-content\/uploads\/2020\/05\/VermelhoSepnovo-180x180.png 180w, https:\/\/aeaf.edu.pt\/wp-content\/uploads\/2020\/05\/VermelhoSepnovo-120x120.png 120w\" sizes=\"(max-width: 210px) 100vw, 210px\" \/><\/a><div class='slide-content'><header class=\"entry-content-header\"><h3 class='slide-entry-title entry-title'  itemprop=\"headline\" ><a href='https:\/\/aeaf.edu.pt\/?p=16096' title='Abertura de Concurso para o Grupo de Recrutamento 540 - Hor\u00e1rio n.\u00ba 72'>Abertura de Concurso para o Grupo de Recrutamento 540 - Hor\u00e1rio n.\u00ba 72<\/a><\/h3><\/header><div class='slide-meta'><time class='slide-meta-time updated'  itemprop=\"datePublished\" datetime=\"2026-03-16T13:51:25+00:00\" >Mar\u00e7o 16, 2026<\/time><\/div><div class='slide-entry-excerpt entry-content'  itemprop=\"text\" >\n\n\n\n\nNos termos do disposto Decreto-Lei n.\u00ba 32-A\/2023, de 8\u2026<\/div><\/div><footer class=\"entry-footer\"><\/footer><\/article><\/div><div class='slide-entry-wrap'><article class='slide-entry flex_column  post-entry post-entry-16014 slide-entry-overview slide-loop-7 slide-parity-odd  av_one_third first real-thumbnail'  itemscope=\"itemscope\" itemtype=\"https:\/\/schema.org\/BlogPosting\" itemprop=\"blogPost\" ><a href='https:\/\/aeaf.edu.pt\/?p=16014' data-rel='slide-1' class='slide-image' title=''><img width=\"200\" height=\"282\" src=\"https:\/\/aeaf.edu.pt\/wp-content\/uploads\/2024\/02\/OPEscolas2023_Cartaz1.png\" class=\"attachment-portfolio size-portfolio wp-post-image\" alt=\"\" loading=\"lazy\" \/><\/a><div class='slide-content'><header class=\"entry-content-header\"><h3 class='slide-entry-title entry-title'  itemprop=\"headline\" ><a href='https:\/\/aeaf.edu.pt\/?p=16014' title='Or\u00e7amento Participativo Escolas - Barcelos 2026 - AEAF'>Or\u00e7amento Participativo Escolas - Barcelos 2026 - AEAF<\/a><\/h3><\/header><div class='slide-meta'><time class='slide-meta-time updated'  itemprop=\"datePublished\" datetime=\"2026-03-16T00:17:00+00:00\" >Mar\u00e7o 16, 2026<\/time><\/div><div class='slide-entry-excerpt entry-content'  itemprop=\"text\" >\nAgrupamento de Escolas Alcaides de Faria\n\n\n\n\n\n\n\nALUNOS \n\n\n\nO\u2026<\/div><\/div><footer class=\"entry-footer\"><\/footer><\/article><article class='slide-entry flex_column  post-entry post-entry-16072 slide-entry-overview slide-loop-8 slide-parity-even  av_one_third  real-thumbnail'  itemscope=\"itemscope\" itemtype=\"https:\/\/schema.org\/BlogPosting\" itemprop=\"blogPost\" ><a href='https:\/\/aeaf.edu.pt\/?p=16072' data-rel='slide-1' class='slide-image' title=''><img width=\"210\" height=\"209\" src=\"https:\/\/aeaf.edu.pt\/wp-content\/uploads\/2020\/05\/VermelhoSepnovo.png\" class=\"attachment-portfolio size-portfolio wp-post-image\" alt=\"\" loading=\"lazy\" srcset=\"https:\/\/aeaf.edu.pt\/wp-content\/uploads\/2020\/05\/VermelhoSepnovo.png 210w, https:\/\/aeaf.edu.pt\/wp-content\/uploads\/2020\/05\/VermelhoSepnovo-80x80.png 80w, https:\/\/aeaf.edu.pt\/wp-content\/uploads\/2020\/05\/VermelhoSepnovo-36x36.png 36w, https:\/\/aeaf.edu.pt\/wp-content\/uploads\/2020\/05\/VermelhoSepnovo-180x180.png 180w, https:\/\/aeaf.edu.pt\/wp-content\/uploads\/2020\/05\/VermelhoSepnovo-120x120.png 120w\" sizes=\"(max-width: 210px) 100vw, 210px\" \/><\/a><div class='slide-content'><header class=\"entry-content-header\"><h3 class='slide-entry-title entry-title'  itemprop=\"headline\" ><a href='https:\/\/aeaf.edu.pt\/?p=16072' title='Inscri\u00e7\u00f5es para os Exames Finais Nacionais do Ensino Secund\u00e1rio 2026'>Inscri\u00e7\u00f5es para os Exames Finais Nacionais do Ensino Secund\u00e1rio 2026<\/a><\/h3><\/header><div class='slide-meta'><time class='slide-meta-time updated'  itemprop=\"datePublished\" datetime=\"2026-03-02T17:15:45+00:00\" >Mar\u00e7o 2, 2026<\/time><\/div><div class='slide-entry-excerpt entry-content'  itemprop=\"text\" >\n\n\n\n\nInformam-se os alunos dos 11\u00ba e 12\u00ba anos que o per\u00edodo\u2026<\/div><\/div><footer class=\"entry-footer\"><\/footer><\/article><article class='slide-entry flex_column  post-entry post-entry-16067 slide-entry-overview slide-loop-9 slide-parity-odd  av_one_third  real-thumbnail'  itemscope=\"itemscope\" itemtype=\"https:\/\/schema.org\/BlogPosting\" itemprop=\"blogPost\" ><a href='https:\/\/aeaf.edu.pt\/?p=16067' data-rel='slide-1' class='slide-image' title=''><img width=\"210\" height=\"209\" src=\"https:\/\/aeaf.edu.pt\/wp-content\/uploads\/2020\/05\/VermelhoSepnovo.png\" class=\"attachment-portfolio size-portfolio wp-post-image\" alt=\"\" loading=\"lazy\" srcset=\"https:\/\/aeaf.edu.pt\/wp-content\/uploads\/2020\/05\/VermelhoSepnovo.png 210w, https:\/\/aeaf.edu.pt\/wp-content\/uploads\/2020\/05\/VermelhoSepnovo-80x80.png 80w, https:\/\/aeaf.edu.pt\/wp-content\/uploads\/2020\/05\/VermelhoSepnovo-36x36.png 36w, https:\/\/aeaf.edu.pt\/wp-content\/uploads\/2020\/05\/VermelhoSepnovo-180x180.png 180w, https:\/\/aeaf.edu.pt\/wp-content\/uploads\/2020\/05\/VermelhoSepnovo-120x120.png 120w\" sizes=\"(max-width: 210px) 100vw, 210px\" \/><\/a><div class='slide-content'><header class=\"entry-content-header\"><h3 class='slide-entry-title entry-title'  itemprop=\"headline\" ><a href='https:\/\/aeaf.edu.pt\/?p=16067' title='Abertura de Concurso para o Grupo de Recrutamento 600 - Hor\u00e1rio n.\u00ba 71'>Abertura de Concurso para o Grupo de Recrutamento 600 - Hor\u00e1rio n.\u00ba 71<\/a><\/h3><\/header><div class='slide-meta'><time class='slide-meta-time updated'  itemprop=\"datePublished\" datetime=\"2026-02-26T16:37:41+00:00\" >Fevereiro 26, 2026<\/time><\/div><div class='slide-entry-excerpt entry-content'  itemprop=\"text\" >\n\n\n\n\nNos termos do disposto Decreto-Lei n.\u00ba 32-A\/2023, de 8\u2026<\/div><\/div><footer class=\"entry-footer\"><\/footer><\/article><\/div><div class='slide-entry-wrap'><article class='slide-entry flex_column  post-entry post-entry-16059 slide-entry-overview slide-loop-10 slide-parity-odd  av_one_third first real-thumbnail'  itemscope=\"itemscope\" itemtype=\"https:\/\/schema.org\/BlogPosting\" itemprop=\"blogPost\" ><a href='https:\/\/aeaf.edu.pt\/?p=16059' data-rel='slide-1' class='slide-image' title=''><img width=\"210\" height=\"209\" src=\"https:\/\/aeaf.edu.pt\/wp-content\/uploads\/2020\/05\/VermelhoSepnovo.png\" class=\"attachment-portfolio size-portfolio wp-post-image\" alt=\"\" loading=\"lazy\" srcset=\"https:\/\/aeaf.edu.pt\/wp-content\/uploads\/2020\/05\/VermelhoSepnovo.png 210w, https:\/\/aeaf.edu.pt\/wp-content\/uploads\/2020\/05\/VermelhoSepnovo-80x80.png 80w, https:\/\/aeaf.edu.pt\/wp-content\/uploads\/2020\/05\/VermelhoSepnovo-36x36.png 36w, https:\/\/aeaf.edu.pt\/wp-content\/uploads\/2020\/05\/VermelhoSepnovo-180x180.png 180w, https:\/\/aeaf.edu.pt\/wp-content\/uploads\/2020\/05\/VermelhoSepnovo-120x120.png 120w\" sizes=\"(max-width: 210px) 100vw, 210px\" \/><\/a><div class='slide-content'><header class=\"entry-content-header\"><h3 class='slide-entry-title entry-title'  itemprop=\"headline\" ><a href='https:\/\/aeaf.edu.pt\/?p=16059' title='EDITAL \u2013 Aliena\u00e7\u00e3o de M\u00e1quinas de Oficinas - AEAF'>EDITAL \u2013 Aliena\u00e7\u00e3o de M\u00e1quinas de Oficinas - AEAF<\/a><\/h3><\/header><div class='slide-meta'><time class='slide-meta-time updated'  itemprop=\"datePublished\" datetime=\"2026-02-19T21:54:11+00:00\" >Fevereiro 19, 2026<\/time><\/div><div class='slide-entry-excerpt entry-content'  itemprop=\"text\" >\n\n\n\n\nO Agrupamento de Escolas Alcaides de Faria, em Barcelos,\u2026<\/div><\/div><footer class=\"entry-footer\"><\/footer><\/article><article class='slide-entry flex_column  post-entry post-entry-16056 slide-entry-overview slide-loop-11 slide-parity-even  av_one_third  real-thumbnail'  itemscope=\"itemscope\" itemtype=\"https:\/\/schema.org\/BlogPosting\" itemprop=\"blogPost\" ><a href='https:\/\/aeaf.edu.pt\/?p=16056' data-rel='slide-1' class='slide-image' title=''><img width=\"495\" height=\"400\" src=\"https:\/\/aeaf.edu.pt\/wp-content\/uploads\/2026\/02\/Festival-Barro-a-Parede1-1-495x400.png\" class=\"attachment-portfolio size-portfolio wp-post-image\" alt=\"\" loading=\"lazy\" \/><\/a><div class='slide-content'><header class=\"entry-content-header\"><h3 class='slide-entry-title entry-title'  itemprop=\"headline\" ><a href='https:\/\/aeaf.edu.pt\/?p=16056' title='2.\u00aa Bienal Cultura e Educa\u00e7\u00e3o - Festival Barro \u00e0 Parede'>2.\u00aa Bienal Cultura e Educa\u00e7\u00e3o - Festival Barro \u00e0 Parede<\/a><\/h3><\/header><div class='slide-meta'><time class='slide-meta-time updated'  itemprop=\"datePublished\" datetime=\"2026-02-19T10:46:02+00:00\" >Fevereiro 19, 2026<\/time><\/div><div class='slide-entry-excerpt entry-content'  itemprop=\"text\" >\n\n\n\n\n\n\n\n\nA 2.\u00aa edi\u00e7\u00e3o do Festival Barro \u00e0 Parede est\u00e1 a\u00ed.\u2026<\/div><\/div><footer class=\"entry-footer\"><\/footer><\/article><article class='slide-entry flex_column  post-entry post-entry-15971 slide-entry-overview slide-loop-12 slide-parity-odd  av_one_third  real-thumbnail'  itemscope=\"itemscope\" itemtype=\"https:\/\/schema.org\/BlogPosting\" itemprop=\"blogPost\" ><a href='https:\/\/aeaf.edu.pt\/?p=15971' data-rel='slide-1' class='slide-image' title=''><img width=\"210\" height=\"209\" src=\"https:\/\/aeaf.edu.pt\/wp-content\/uploads\/2020\/05\/VerdeSepnovo.png\" class=\"attachment-portfolio size-portfolio wp-post-image\" alt=\"\" loading=\"lazy\" srcset=\"https:\/\/aeaf.edu.pt\/wp-content\/uploads\/2020\/05\/VerdeSepnovo.png 210w, https:\/\/aeaf.edu.pt\/wp-content\/uploads\/2020\/05\/VerdeSepnovo-80x80.png 80w, https:\/\/aeaf.edu.pt\/wp-content\/uploads\/2020\/05\/VerdeSepnovo-36x36.png 36w, https:\/\/aeaf.edu.pt\/wp-content\/uploads\/2020\/05\/VerdeSepnovo-180x180.png 180w, https:\/\/aeaf.edu.pt\/wp-content\/uploads\/2020\/05\/VerdeSepnovo-120x120.png 120w\" sizes=\"(max-width: 210px) 100vw, 210px\" \/><\/a><div class='slide-content'><header class=\"entry-content-header\"><h3 class='slide-entry-title entry-title'  itemprop=\"headline\" ><a href='https:\/\/aeaf.edu.pt\/?p=15971' title='AEAF - nomeado na categoria Clube do Desporto Escolar, para o pr\u00e9mio \u201cO Minhoto\u201d'>AEAF - nomeado na categoria Clube do Desporto Escolar, para o pr\u00e9mio \u201cO Minhoto\u201d<\/a><\/h3><\/header><div class='slide-meta'><time class='slide-meta-time updated'  itemprop=\"datePublished\" datetime=\"2026-01-21T17:11:56+00:00\" >Janeiro 21, 2026<\/time><\/div><div class='slide-entry-excerpt entry-content'  itemprop=\"text\" >\n\n<\/div><\/div><footer class=\"entry-footer\"><\/footer><\/article><\/div><div class='slide-entry-wrap'><article class='slide-entry flex_column  post-entry post-entry-15955 slide-entry-overview slide-loop-13 slide-parity-odd  av_one_third first real-thumbnail'  itemscope=\"itemscope\" itemtype=\"https:\/\/schema.org\/BlogPosting\" itemprop=\"blogPost\" ><a href='https:\/\/aeaf.edu.pt\/?p=15955' data-rel='slide-1' class='slide-image' title=''><img width=\"210\" height=\"209\" src=\"https:\/\/aeaf.edu.pt\/wp-content\/uploads\/2020\/05\/VermelhoSepnovo.png\" class=\"attachment-portfolio size-portfolio wp-post-image\" alt=\"\" loading=\"lazy\" srcset=\"https:\/\/aeaf.edu.pt\/wp-content\/uploads\/2020\/05\/VermelhoSepnovo.png 210w, https:\/\/aeaf.edu.pt\/wp-content\/uploads\/2020\/05\/VermelhoSepnovo-80x80.png 80w, https:\/\/aeaf.edu.pt\/wp-content\/uploads\/2020\/05\/VermelhoSepnovo-36x36.png 36w, https:\/\/aeaf.edu.pt\/wp-content\/uploads\/2020\/05\/VermelhoSepnovo-180x180.png 180w, https:\/\/aeaf.edu.pt\/wp-content\/uploads\/2020\/05\/VermelhoSepnovo-120x120.png 120w\" sizes=\"(max-width: 210px) 100vw, 210px\" \/><\/a><div class='slide-content'><header class=\"entry-content-header\"><h3 class='slide-entry-title entry-title'  itemprop=\"headline\" ><a href='https:\/\/aeaf.edu.pt\/?p=15955' title='Elei\u00e7\u00e3o dos representantes dos docentes da educa\u00e7\u00e3o pr\u00e9-escolar, dos ensinos b\u00e1sico e secund\u00e1rio dos Agrupamentos de Escolas (AE) e Escola N\u00e3o Agrupada (ENA), para o Conselho Municipal de Educa\u00e7\u00e3o do Munic\u00edpio de Barcelos.'>Elei\u00e7\u00e3o dos representantes dos docentes da educa\u00e7\u00e3o pr\u00e9-escolar, dos ensinos b\u00e1sico e secund\u00e1rio dos Agrupamentos de Escolas (AE) e Escola N\u00e3o Agrupada (ENA), para o Conselho Municipal de Educa\u00e7\u00e3o do Munic\u00edpio de Barcelos.<\/a><\/h3><\/header><div class='slide-meta'><time class='slide-meta-time updated'  itemprop=\"datePublished\" datetime=\"2026-01-21T15:04:10+00:00\" >Janeiro 21, 2026<\/time><\/div><div class='slide-entry-excerpt entry-content'  itemprop=\"text\" >\n\n\n\n\nM\u00e1rio Constantino Ara\u00fajo Leite da Silva Lopes, Dr., Presidente\u2026<\/div><\/div><footer class=\"entry-footer\"><\/footer><\/article><article class='slide-entry flex_column  post-entry post-entry-15667 slide-entry-overview slide-loop-14 slide-parity-even  av_one_third  real-thumbnail'  itemscope=\"itemscope\" itemtype=\"https:\/\/schema.org\/BlogPosting\" itemprop=\"blogPost\" ><a href='https:\/\/aeaf.edu.pt\/?p=15667' data-rel='slide-1' class='slide-image' title=''><img width=\"210\" height=\"209\" src=\"https:\/\/aeaf.edu.pt\/wp-content\/uploads\/2020\/05\/VermelhoSepnovo.png\" class=\"attachment-portfolio size-portfolio wp-post-image\" alt=\"\" loading=\"lazy\" srcset=\"https:\/\/aeaf.edu.pt\/wp-content\/uploads\/2020\/05\/VermelhoSepnovo.png 210w, https:\/\/aeaf.edu.pt\/wp-content\/uploads\/2020\/05\/VermelhoSepnovo-80x80.png 80w, https:\/\/aeaf.edu.pt\/wp-content\/uploads\/2020\/05\/VermelhoSepnovo-36x36.png 36w, https:\/\/aeaf.edu.pt\/wp-content\/uploads\/2020\/05\/VermelhoSepnovo-180x180.png 180w, https:\/\/aeaf.edu.pt\/wp-content\/uploads\/2020\/05\/VermelhoSepnovo-120x120.png 120w\" sizes=\"(max-width: 210px) 100vw, 210px\" \/><\/a><div class='slide-content'><header class=\"entry-content-header\"><h3 class='slide-entry-title entry-title'  itemprop=\"headline\" ><a href='https:\/\/aeaf.edu.pt\/?p=15667' title='Crit\u00e9rios de Avalia\u00e7\u00e3o 2025\/2026 \u2013 AEAF'>Crit\u00e9rios de Avalia\u00e7\u00e3o 2025\/2026 \u2013 AEAF<\/a><\/h3><\/header><div class='slide-meta'><time class='slide-meta-time updated'  itemprop=\"datePublished\" datetime=\"2025-10-29T13:01:49+00:00\" >Outubro 29, 2025<\/time><\/div><div class='slide-entry-excerpt entry-content'  itemprop=\"text\" >\n\n\n\n\nEduca\u00e7\u00e3o Pr\u00e9-Escolar:\n\n\n\n\n\n\n\n\n\n\n\n1\u00ba Ciclo:\n\n\n\n\n\n\n\n\n\n\n\n2\u00ba\u2026<\/div><\/div><footer class=\"entry-footer\"><\/footer><\/article><article class='slide-entry flex_column  post-entry post-entry-15398 slide-entry-overview slide-loop-15 slide-parity-odd  av_one_third  real-thumbnail'  itemscope=\"itemscope\" itemtype=\"https:\/\/schema.org\/BlogPosting\" itemprop=\"blogPost\" ><a href='https:\/\/aeaf.edu.pt\/?p=15398' data-rel='slide-1' class='slide-image' title=''><img width=\"210\" height=\"209\" src=\"https:\/\/aeaf.edu.pt\/wp-content\/uploads\/2020\/05\/VermelhoSepnovo.png\" class=\"attachment-portfolio size-portfolio wp-post-image\" alt=\"\" loading=\"lazy\" srcset=\"https:\/\/aeaf.edu.pt\/wp-content\/uploads\/2020\/05\/VermelhoSepnovo.png 210w, https:\/\/aeaf.edu.pt\/wp-content\/uploads\/2020\/05\/VermelhoSepnovo-80x80.png 80w, https:\/\/aeaf.edu.pt\/wp-content\/uploads\/2020\/05\/VermelhoSepnovo-36x36.png 36w, https:\/\/aeaf.edu.pt\/wp-content\/uploads\/2020\/05\/VermelhoSepnovo-180x180.png 180w, https:\/\/aeaf.edu.pt\/wp-content\/uploads\/2020\/05\/VermelhoSepnovo-120x120.png 120w\" sizes=\"(max-width: 210px) 100vw, 210px\" \/><\/a><div class='slide-content'><header class=\"entry-content-header\"><h3 class='slide-entry-title entry-title'  itemprop=\"headline\" ><a href='https:\/\/aeaf.edu.pt\/?p=15398' title='Informa\u00e7\u00e3o - Refei\u00e7\u00f5es Escolares AEAF'>Informa\u00e7\u00e3o - Refei\u00e7\u00f5es Escolares AEAF<\/a><\/h3><\/header><div class='slide-meta'><time class='slide-meta-time updated'  itemprop=\"datePublished\" datetime=\"2025-09-02T18:03:51+00:00\" >Setembro 2, 2025<\/time><\/div><div class='slide-entry-excerpt entry-content'  itemprop=\"text\" >\nComo consequ\u00eancia da transfer\u00eancia de compet\u00eancias nos dom\u00ednios\u2026<\/div><\/div><footer class=\"entry-footer\"><\/footer><\/article><\/div><div class='slide-entry-wrap'><article class='slide-entry flex_column  post-entry post-entry-15377 slide-entry-overview slide-loop-16 slide-parity-odd  post-entry-last  av_one_third first real-thumbnail'  itemscope=\"itemscope\" itemtype=\"https:\/\/schema.org\/BlogPosting\" itemprop=\"blogPost\" ><a href='https:\/\/aeaf.edu.pt\/?p=15377' data-rel='slide-1' class='slide-image' title=''><img width=\"210\" height=\"209\" src=\"https:\/\/aeaf.edu.pt\/wp-content\/uploads\/2020\/05\/VerdeSepnovo.png\" class=\"attachment-portfolio size-portfolio wp-post-image\" alt=\"\" loading=\"lazy\" srcset=\"https:\/\/aeaf.edu.pt\/wp-content\/uploads\/2020\/05\/VerdeSepnovo.png 210w, https:\/\/aeaf.edu.pt\/wp-content\/uploads\/2020\/05\/VerdeSepnovo-80x80.png 80w, https:\/\/aeaf.edu.pt\/wp-content\/uploads\/2020\/05\/VerdeSepnovo-36x36.png 36w, https:\/\/aeaf.edu.pt\/wp-content\/uploads\/2020\/05\/VerdeSepnovo-180x180.png 180w, https:\/\/aeaf.edu.pt\/wp-content\/uploads\/2020\/05\/VerdeSepnovo-120x120.png 120w\" sizes=\"(max-width: 210px) 100vw, 210px\" \/><\/a><div class='slide-content'><header class=\"entry-content-header\"><h3 class='slide-entry-title entry-title'  itemprop=\"headline\" ><a href='https:\/\/aeaf.edu.pt\/?p=15377' title='Calend\u00e1rio da Abertura do ano letivo 2025\/2026 - AEAF'>Calend\u00e1rio da Abertura do ano letivo 2025\/2026 - AEAF<\/a><\/h3><\/header><div class='slide-meta'><time class='slide-meta-time updated'  itemprop=\"datePublished\" datetime=\"2025-08-27T12:05:42+00:00\" >Agosto 27, 2025<\/time><\/div><div class='slide-entry-excerpt entry-content'  itemprop=\"text\" >\n\n\n\n\n\n\n\n\nDivulgac\u00e3o das listas provis\u00f3rias das turmas:\n\n\n\nCALEND\u00c1RIO\u2026<\/div><\/div><footer class=\"entry-footer\"><\/footer><\/article><\/div><\/div><div class='pagination-wrap pagination-slider'><nav class='pagination'><span class='pagination-meta'>Page 1 of 2<\/span><span class='current'>1<\/span><a href='https:\/\/aeaf.edu.pt\/index.php?rest_route=%2Fwp%2Fv2%2Fpages%2F3028&#038;paged=2' class='inactive' >2<\/a><\/nav>\n<\/div><\/div>\n","protected":false},"excerpt":{"rendered":"","protected":false},"author":1,"featured_media":0,"parent":0,"menu_order":0,"comment_status":"closed","ping_status":"closed","template":"","meta":[],"_links":{"self":[{"href":"https:\/\/aeaf.edu.pt\/index.php?rest_route=\/wp\/v2\/pages\/3028"}],"collection":[{"href":"https:\/\/aeaf.edu.pt\/index.php?rest_route=\/wp\/v2\/pages"}],"about":[{"href":"https:\/\/aeaf.edu.pt\/index.php?rest_route=\/wp\/v2\/types\/page"}],"author":[{"embeddable":true,"href":"https:\/\/aeaf.edu.pt\/index.php?rest_route=\/wp\/v2\/users\/1"}],"replies":[{"embeddable":true,"href":"https:\/\/aeaf.edu.pt\/index.php?rest_route=%2Fwp%2Fv2%2Fcomments&post=3028"}],"version-history":[{"count":13,"href":"https:\/\/aeaf.edu.pt\/index.php?rest_route=\/wp\/v2\/pages\/3028\/revisions"}],"predecessor-version":[{"id":3701,"href":"https:\/\/aeaf.edu.pt\/index.php?rest_route=\/wp\/v2\/pages\/3028\/revisions\/3701"}],"wp:attachment":[{"href":"https:\/\/aeaf.edu.pt\/index.php?rest_route=%2Fwp%2Fv2%2Fmedia&parent=3028"}],"curies":[{"name":"wp","href":"https:\/\/api.w.org\/{rel}","templated":true}]}}