{"id":6931,"date":"2017-12-10T17:33:34","date_gmt":"2017-12-10T17:33:34","guid":{"rendered":"http:\/\/aeaf.edu.pt\/?page_id=6931"},"modified":"2017-12-10T17:43:38","modified_gmt":"2017-12-10T17:43:38","slug":"apesaf","status":"publish","type":"page","link":"https:\/\/aeaf.edu.pt\/?page_id=6931","title":{"rendered":"APESAF"},"content":{"rendered":"<div class=\"entry-content\">\n<h1 style=\"text-align: center;\"><span style=\"color: #ffffff;\">&#8230;&#8230;<\/span><\/h1>\n<h3 style=\"text-align: center;\"><span style=\"color: #000000;\">ASSOCIA\u00c7\u00c3O DE PAIS E ENCARREGADOS DE EDUCA\u00c7\u00c3O DA ESCOLA SECUND\u00c1RIA ALCAIDES DE FARIA (APESAF)<\/span><\/h3>\n<p>&nbsp;<\/p>\n<p style=\"padding-left: 60px;\"><span style=\"color: #000000;\">&#8220;S\u00e3o fins da <em>APESAF<\/em>:<\/span><\/p>\n<p style=\"padding-left: 120px;\"><span style=\"color: #000000;\">a) Contribuir, por todos os meios ao seu alcance, para que os pais e encarregados de educa\u00e7\u00e3o possam cumprir integralmente a sua miss\u00e3o de educadores;<\/span><\/p>\n<p style=\"padding-left: 120px;\"><span style=\"color: #000000;\">b) Contribuir para o desenvolvimento equilibrado da personalidade do aluno;<\/span><\/p>\n<p style=\"padding-left: 120px;\"><span style=\"color: #000000;\">c) Propugnar por uma pol\u00edtica de ensino que respeite e promova os valores fundamentais da pessoa humana.&#8221;<\/span><\/p>\n<h3 style=\"text-align: center;\"><span style=\"color: #ffffff;\"><a href=\"http:\/\/aeaf.edu.pt\/wp-content\/uploads\/2015\/03\/mov_graf_03.gif\" data-id=\"4519\"><img loading=\"lazy\" class=\"wp-image-4519 aligncenter\" src=\"http:\/\/aeaf.edu.pt\/wp-content\/uploads\/2015\/03\/mov_graf_03.gif\" alt=\"mov_graf_03\" width=\"237\" height=\"146\" \/><\/a><\/span><\/h3>\n<h3 style=\"text-align: center;\"><span style=\"color: #000000;\">P\u00e1gina da APESAF:<span style=\"text-decoration: underline;\"><strong> <a style=\"color: #000000; text-decoration: underline;\" href=\"http:\/\/www.apesaf.org\" target=\"_blank\">www.apesaf.org<\/a><\/strong><\/span><\/span><\/h3>\n<h3 style=\"text-align: center;\"><span style=\"color: #ffffff;\">\u2026\u2026.<\/span><\/h3>\n<h3 style=\"text-align: center;\"><span style=\"color: #000000;\">Facebook da APESAF: <span style=\"text-decoration: underline;\"><strong><a style=\"color: #000000; text-decoration: underline;\" href=\"http:\/\/www.facebook.com\/apesaf.esaf\" target=\"_blank\">www.facebook.com\/apesaf.esaf<\/a><\/strong><\/span><\/span><\/h3>\n<h3 style=\"text-align: center;\"><span style=\"color: #ffffff;\">\u2026..<\/span><\/h3>\n<p style=\"text-align: right;\"><a href=\"http:\/\/aeaf.edu.pt\/wp-content\/uploads\/2017\/12\/Logo-Apesaf2017certo2.png\" data-id=\"6921\"><img loading=\"lazy\" class=\"alignnone size-full wp-image-6921\" src=\"http:\/\/aeaf.edu.pt\/wp-content\/uploads\/2017\/12\/Logo-Apesaf2017certo2.png\" alt=\"Logo Apesaf2017certo2\" width=\"181\" height=\"180\" srcset=\"https:\/\/aeaf.edu.pt\/wp-content\/uploads\/2017\/12\/Logo-Apesaf2017certo2.png 181w, https:\/\/aeaf.edu.pt\/wp-content\/uploads\/2017\/12\/Logo-Apesaf2017certo2-80x80.png 80w, https:\/\/aeaf.edu.pt\/wp-content\/uploads\/2017\/12\/Logo-Apesaf2017certo2-36x36.png 36w, https:\/\/aeaf.edu.pt\/wp-content\/uploads\/2017\/12\/Logo-Apesaf2017certo2-180x180.png 180w, https:\/\/aeaf.edu.pt\/wp-content\/uploads\/2017\/12\/Logo-Apesaf2017certo2-120x120.png 120w\" sizes=\"(max-width: 181px) 100vw, 181px\" \/><\/a><\/p>\n<\/div>\n<footer class=\"entry-footer\"><\/footer>\n<div class=\"post_delimiter\"><\/div>\n","protected":false},"excerpt":{"rendered":"<p>&#8230;&#8230; ASSOCIA\u00c7\u00c3O DE PAIS E ENCARREGADOS DE EDUCA\u00c7\u00c3O DA ESCOLA SECUND\u00c1RIA ALCAIDES DE FARIA (APESAF) &nbsp; &#8220;S\u00e3o fins da APESAF: a) Contribuir, por todos os meios ao seu alcance, para que os pais e encarregados de educa\u00e7\u00e3o possam cumprir integralmente a sua miss\u00e3o de educadores; b) Contribuir para o desenvolvimento equilibrado da personalidade do aluno; [&hellip;]<\/p>\n","protected":false},"author":5,"featured_media":6911,"parent":0,"menu_order":0,"comment_status":"closed","ping_status":"closed","template":"","meta":[],"_links":{"self":[{"href":"https:\/\/aeaf.edu.pt\/index.php?rest_route=\/wp\/v2\/pages\/6931"}],"collection":[{"href":"https:\/\/aeaf.edu.pt\/index.php?rest_route=\/wp\/v2\/pages"}],"about":[{"href":"https:\/\/aeaf.edu.pt\/index.php?rest_route=\/wp\/v2\/types\/page"}],"author":[{"embeddable":true,"href":"https:\/\/aeaf.edu.pt\/index.php?rest_route=\/wp\/v2\/users\/5"}],"replies":[{"embeddable":true,"href":"https:\/\/aeaf.edu.pt\/index.php?rest_route=%2Fwp%2Fv2%2Fcomments&post=6931"}],"version-history":[{"count":6,"href":"https:\/\/aeaf.edu.pt\/index.php?rest_route=\/wp\/v2\/pages\/6931\/revisions"}],"predecessor-version":[{"id":6938,"href":"https:\/\/aeaf.edu.pt\/index.php?rest_route=\/wp\/v2\/pages\/6931\/revisions\/6938"}],"wp:featuredmedia":[{"embeddable":true,"href":"https:\/\/aeaf.edu.pt\/index.php?rest_route=\/wp\/v2\/media\/6911"}],"wp:attachment":[{"href":"https:\/\/aeaf.edu.pt\/index.php?rest_route=%2Fwp%2Fv2%2Fmedia&parent=6931"}],"curies":[{"name":"wp","href":"https:\/\/api.w.org\/{rel}","templated":true}]}}