{"id":9873,"date":"2020-05-08T16:14:32","date_gmt":"2020-05-08T16:14:32","guid":{"rendered":"http:\/\/aeaf.edu.pt\/?page_id=9873"},"modified":"2020-05-08T19:25:51","modified_gmt":"2020-05-08T19:25:51","slug":"biblioteca_escolar","status":"publish","type":"page","link":"https:\/\/aeaf.edu.pt\/?page_id=9873","title":{"rendered":"Biblioteca_Escolar"},"content":{"rendered":"\n<div class=\"wp-block-columns\">\n<div class=\"wp-block-column is-vertically-aligned-top\" style=\"flex-basis:57%\">\n<div class=\"alignnormal\"><div id=\"metaslider-id-9883\" style=\"width: 100%;\" class=\"ml-slider-3-27-5 metaslider metaslider-nivo metaslider-9883 ml-slider\">\n    <div id=\"metaslider_container_9883\">\n        <div class='slider-wrapper theme-default'><div class='ribbon'><\/div><div id='metaslider_9883' class='nivoSlider'><img src=\"https:\/\/aeaf.edu.pt\/wp-content\/uploads\/2014\/06\/BE-S.-Martinho-650x350.jpg\" height=\"350\" width=\"650\" title=\"BE S. Martinho\" alt=\"\" class=\"slider-9883 slide-9884\" \/><img src=\"https:\/\/aeaf.edu.pt\/wp-content\/uploads\/2014\/06\/BE-S.-Maria_plano-650x350.jpg\" height=\"350\" width=\"650\" title=\"BE S. Maria_plano\" alt=\"\" class=\"slider-9883 slide-9885\" \/><img src=\"https:\/\/aeaf.edu.pt\/wp-content\/uploads\/2014\/06\/BE-Manhente-650x350.jpg\" height=\"350\" width=\"650\" title=\"BE Manhente\" alt=\"\" class=\"slider-9883 slide-9886\" \/><img src=\"https:\/\/aeaf.edu.pt\/wp-content\/uploads\/2014\/05\/BB_1-e1403097568285-650x350.jpg\" height=\"350\" width=\"650\" title=\"BB_1\" alt=\"\" class=\"slider-9883 slide-9887\" \/><\/div><\/div>\n        \n    <\/div>\n<\/div><\/div>\n<\/div>\n\n\n\n<div class=\"wp-block-column\" style=\"flex-basis:33.33%\">\n<p class=\"has-normal-font-size\"><strong>Biblioteca Escolar<\/strong><\/p>\n\n\n\n<p><p align=\"justify\">\u2026 \u00e9 um centro de recursos educativos para uso da comunidade escolar; proporciona servi\u00e7os de suporte \u00e0s aprendizagens, de apoio \u00e0 pesquisa de informa\u00e7\u00e3o, de dinamiza\u00e7\u00e3o da leitura, de anima\u00e7\u00e3o cultural, l\u00fadica e pedag\u00f3gica, entre outras val\u00eancias.<br>A equipa da biblioteca trabalha com alunos, professores e outros agentes educativos da comunidade escolar, com vista a cumprir, n\u00e3o apenas a sua intr\u00ednseca miss\u00e3o (em conformidade com o Manifesto IFLA \/ UNESCO), mas tamb\u00e9m os desideratos primordiais do Agrupamento, apoiando e promovendo os objetivos educativos definidos no seu Projeto Educativo.<\/p><\/p>\n\n\n<div id=\"accordions-9894\" class=\"accordions-9894 accordions\">\r\n                <div id=\"accordions-lazy-9894\" class=\"accordions-lazy\">\r\n                    <\/div>\r\n        <script>\r\n            (function($) {\r\n                $(window).on(\"load\",function(){\r\n                    $('#accordions-lazy-9894').fadeOut();\r\n                    $('#accordions-9894 .items').fadeIn();\r\n                })\r\n        })(jQuery);\r\n        <\/script><style type='text\/css'>\r\n        @media only screen and (min-width: 1024px) {\r\n            #accordions-9894 {\r\n                width: 100%;\r\n                            }\r\n        }\r\n        @media only screen and (min-width: 768px) and (max-width: 1023px) {\r\n            #accordions-9894 {\r\n                width: 100%;\r\n                            }\r\n        }\r\n        @media only screen and (min-width: 0px) and (max-width: 767px) {\r\n            #accordions-9894 {\r\n                width: 100%;\r\n                            }\r\n        }\r\n        #accordions-9894 .items {\r\n            display: none;\r\n        }\r\n\r\n        #accordions-9894 .accordions-lazy {\r\n            text-align: center;\r\n            position: absolute;\r\n            top: 50%;\r\n            left: 50%;\r\n            transform: translate(-50%, -50%);\r\n        }\r\n\r\n        #accordions-9894 {\r\n            text-align: left;\r\n            background: #ffffff url() repeat scroll 0 0;\r\n            position: relative;\r\n        }\r\n\r\n        #accordions-9894 .accordions-head {\r\n            background: #ffffff none repeat scroll 0 0;\r\n            \r\n                        outline: none;\r\n        }\r\n\r\n        #accordions-9894 .accordions-head-title {\r\n            color: #000000;\r\n            font-size: 16px;\r\n                    }\r\n\r\n        #accordions-9894 .accordions-head-title-toggle {\r\n            color: #000000;\r\n            font-size: 16px;\r\n                    }\r\n\r\n        #accordions-9894 .accordions-head:hover .accordions-head-title {\r\n            color: #707070;\r\n                    }\r\n\r\n        #accordions-9894 .ui-state-active {\r\n            background: #dbdbdb;\r\n            border: none;\r\n        }\r\n\r\n        #accordions-9894 .accordion-content {\r\n            background: #ffffff none repeat scroll 0 0;\r\n            border: none;\r\n        }\r\n\r\n        #accordions-9894 .accordion-icons {\r\n            color: #000000;\r\n            background: #e2e2e2 none repeat scroll 0 0;\r\n                    }\r\n\r\n        #accordions-9894 .accordions-head:hover .accordion-icons span {\r\n            color: #848484;\r\n                    }\r\n\r\n            <\/style>\r\n<div class=\"items\">\r\n                        <div post_id=\"9894\" itemcount=\"0\" header_id=\"header-1588862968887\" id=\"header-1588862968887\" style=\"\" class=\"accordions-head head1588862968887 border-none\" toggle-text=\"\" main-text=\"Miss\u00e3o\">\r\n                                            <span id=\"accordion-icons-1588862968887\" class=\"accordion-icons\">\r\n                            <span class=\"accordion-icon-active accordion-plus\"><i class=\"fas fa-chevron-up\"><\/i><\/span>\r\n                            <span class=\"accordion-icon-inactive accordion-minus\"><i class=\"fas fa-chevron-right\"><\/i><\/span>\r\n                        <\/span>\r\n                        <span id=\"header-text-1588862968887\" class=\"accordions-head-title\">Miss\u00e3o<\/span>\r\n                                    <\/div>\r\n                <div class=\"accordion-content content1588862968887 \">\r\n                    <p>Adquirir, gerir e difundir documenta\u00e7\u00e3o de todos os tipos e de todos os g\u00e9neros dispon\u00edveis em diferentes suportes.<br \/>Contribuir para a forma\u00e7\u00e3o do aluno, com a colabora\u00e7\u00e3o do corpo docente, acompanhando-o no seu processo de aprendizagem, principalmente nas pr\u00e1ticas que favore\u00e7am a apropria\u00e7\u00e3o e tratamento da informa\u00e7\u00e3o, com vista \u00e0 sua forma\u00e7\u00e3o e desenvolvimento pessoal.<br \/>Colaborar com o pessoal docente na sua atividade pedag\u00f3gica, bem como na a\u00e7\u00e3o deste junto dos alunos, para que estes \u00faltimos adquiram habilidades necess\u00e1rias \u00e0 pesquisa e apreens\u00e3o cr\u00edtica de informa\u00e7\u00e3o.<br \/>Contribuir para uma forma\u00e7\u00e3o cultural abrangente de todos os utilizadores\/leitores.<br \/>Colaborar com o Plano Nacional de Leitura.<\/p>                <\/div>\r\n                        <div post_id=\"9894\" itemcount=\"1\" header_id=\"header-1588863071360\" id=\"header-1588863071360\" style=\"\" class=\"accordions-head head1588863071360 border-none\" toggle-text=\"\" main-text=\"Hor\u00e1rio\">\r\n                                            <span id=\"accordion-icons-1588863071360\" class=\"accordion-icons\">\r\n                            <span class=\"accordion-icon-active accordion-plus\"><i class=\"fas fa-chevron-up\"><\/i><\/span>\r\n                            <span class=\"accordion-icon-inactive accordion-minus\"><i class=\"fas fa-chevron-right\"><\/i><\/span>\r\n                        <\/span>\r\n                        <span id=\"header-text-1588863071360\" class=\"accordions-head-title\">Hor\u00e1rio<\/span>\r\n                                    <\/div>\r\n                <div class=\"accordion-content content1588863071360 \">\r\n                    <div id=\"toggle-id-2-container\" class=\"toggle_wrap active_tc\">\r\n<div class=\"toggle_content invers-color\">\r\n<p><strong>Biblioteca da\u00a0Escola Secund\u00e1ria Alcaides de Faria<\/strong><br \/>Segunda a Sexta-feira:<br \/><strong>9:00h \u2013 18:00h<\/strong><\/p>\r\n<p><strong>Biblioteca da\u00a0EB2,3 de Manhente<\/strong><br \/>Segunda a Sexta-feira:<br \/><strong>9:00h \u2013 17:00h<\/strong><\/p>\r\n<p><strong>Bibliotecas do 1.\u00ba Ciclo (Galegos de S. Maria e Galegos de S. Martinho)<\/strong><br \/>Segunda a Sexta-feira:<br \/><strong>9:00h \u2013 17:30h<\/strong><\/p>\r\n<\/div>\r\n<\/div>                <\/div>\r\n                        <div post_id=\"9894\" itemcount=\"2\" header_id=\"header-1588946182630\" id=\"header-1588946182630\" style=\"\" class=\"accordions-head head1588946182630 border-none\" toggle-text=\"\" main-text=\"Cat\u00e1logo\">\r\n                                            <span id=\"accordion-icons-1588946182630\" class=\"accordion-icons\">\r\n                            <span class=\"accordion-icon-active accordion-plus\"><i class=\"fas fa-chevron-up\"><\/i><\/span>\r\n                            <span class=\"accordion-icon-inactive accordion-minus\"><i class=\"fas fa-chevron-right\"><\/i><\/span>\r\n                        <\/span>\r\n                        <span id=\"header-text-1588946182630\" class=\"accordions-head-title\">Cat\u00e1logo<\/span>\r\n                                    <\/div>\r\n                <div class=\"accordion-content content1588946182630 \">\r\n                    <p>Para pesquisar documentos no cat\u00e1logo online clique <span style=\"color: #000080;\"><strong><a style=\"color: #000080;\" href=\"http:\/\/212.55.143.29\/bibliopac\/bin\/wxis.exe\/bibliopac\/?IsisScript=bibliopac\/bin\/bibliopac.xic&amp;db=ESBALCDSFR&amp;lang=P&amp;start=cfg-dren\">aqui<\/a><\/strong><\/span>.<\/p>                <\/div>\r\n                        <div post_id=\"9894\" itemcount=\"3\" header_id=\"header-1588947435775\" id=\"header-1588947435775\" style=\"\" class=\"accordions-head head1588947435775 border-none\" toggle-text=\"\" main-text=\"Redes Sociais\">\r\n                                            <span id=\"accordion-icons-1588947435775\" class=\"accordion-icons\">\r\n                            <span class=\"accordion-icon-active accordion-plus\"><i class=\"fas fa-chevron-up\"><\/i><\/span>\r\n                            <span class=\"accordion-icon-inactive accordion-minus\"><i class=\"fas fa-chevron-right\"><\/i><\/span>\r\n                        <\/span>\r\n                        <span id=\"header-text-1588947435775\" class=\"accordions-head-title\">Redes Sociais<\/span>\r\n                                    <\/div>\r\n                <div class=\"accordion-content content1588947435775 \">\r\n                    <p><strong><u>Biblioteca da Escola Secund\u00e1ria Alcaides de Faria:<\/u><\/strong><\/p>\r\n<p><strong>Blogue: <\/strong><a href=\"http:\/\/bibliotecaesaf.blogspot.com\/\">bibliotecaesaf.blogspot.com\/<\/a><\/p>\r\n<p><strong>P\u00e1gina: <\/strong><a href=\"https:\/\/biblioesaf.webnode.pt\/\">biblioesaf.webnode.pt\/<\/a><\/p>\r\n<p><strong>Facebook: <\/strong><a href=\"https:\/\/www.facebook.com\/bibliotecaesaf\">facebook.com\/bibliotecaesaf<\/a><\/p>\r\n<p><strong>Twitter<\/strong>: <a href=\"https:\/\/twitter.com\/biblioesaf\">twitter.com\/biblioesaf<\/a><\/p>\r\n<p><strong>Pinterest: <\/strong><a href=\"http:\/\/www.pinterest.com\/biblioesaf\/\">pinterest.com\/biblioesaf\/<\/a><\/p>\r\n<p><strong>Instagram: <\/strong><a href=\"https:\/\/www.instagram.com\/bibliotecadaesaf\/?hl=pt\">instagram.com\/bibliotecadaesaf\/?hl=pt<\/a><\/p>\r\n<p><strong>Youtube: <\/strong><a href=\"https:\/\/www.youtube.com\/channel\/UCgFQOOi9158iczWSetyX8rA\">www.youtube.com\/channel\/UCgFQOOi9158iczWSetyX8rA<\/a><\/p>\r\n<p><strong>\u00a0<\/strong><\/p>\r\n<p><strong><u>Biblioteca da Escola B\u00e1sica 2,3 Manhente<\/u><\/strong><\/p>\r\n<p><strong>Facebook: <\/strong><a href=\"http:\/\/www.facebook.com\/bibliotecas.agrupamentodemanhente\">facebook.com\/bibliotecas.agrupamentodemanhente<\/a><\/p>\r\n<p><strong>Wix: <\/strong>\u00a0<a href=\"https:\/\/bibliotecademanhen.wixsite.com\/meusite?fbclid=IwAR3TBG2Tpt-Oe19EaOAyVvPQC-bajQG8GL-MjMV8klHaDfpaFJEUUO_07zQ\">bibliotecademanhen.wixsite.com\/meusite?fbclid=IwAR3TBG2Tpt-Oe19EaOAyVvPQC-bajQG8GL-MjMV8klHaDfpaFJEUUO_07zQ<\/a><\/p>\r\n<p>&nbsp;<\/p>\r\n<p><strong><u>Bibliotecas Escolares Galegos de Santa Maria\u00a0e Galegos de S\u00e3o Martinho:<\/u><\/strong><\/p>\r\n<p><strong>Facebook: <\/strong><a href=\"http:\/\/www.facebook.com\/bibliotecas.agrupamentodemanhente\">facebook.com\/bibliotecas.agrupamentodemanhente<\/a><\/p>\r\n<p><strong>Genially:<\/strong> <a href=\"https:\/\/view.genial.ly\/5eaeded947bad90d6e96e0b3\/horizontal-infographic-review-be-on\">https:\/\/view.genial.ly\/5eaeded947bad90d6e96e0b3\/horizontal-infographic-review-be-on<\/a><\/p>                <\/div>\r\n            <\/div>\r\n    <script>\r\n   (function($) {\r\n\r\n$(document).on(\"ready\",function(){\r\n            accordions_active_index_9894 = [];\r\n                })})(jQuery);\r\n    <\/script>    <script>\r\n        (function($) {\r\n\r\n$(document).on(\"ready\",function(){\r\n            accordion_9894 = $(\"#accordions-9894 .items\").accordion({\r\n                event: \"click\",\r\n                collapsible: true,\r\n                heightStyle: \"content\",\r\n                animate: (\"swing\", 1000),\r\n                navigation: true,\r\n                active: 999,\r\n                            });\r\n        })})(jQuery);\r\n    <\/script>\r\n                <\/div>\n<\/div>\n<\/div>\n\n\n\n<p>sss<\/p>\n","protected":false},"excerpt":{"rendered":"<p>Biblioteca Escolar \u2026 \u00e9 um centro de recursos educativos para uso da comunidade escolar; proporciona servi\u00e7os de suporte \u00e0s aprendizagens, de apoio \u00e0 pesquisa de informa\u00e7\u00e3o, de dinamiza\u00e7\u00e3o da leitura, de anima\u00e7\u00e3o cultural, l\u00fadica e pedag\u00f3gica, entre outras val\u00eancias.A equipa da biblioteca trabalha com alunos, professores e outros agentes educativos da comunidade escolar, com vista [&hellip;]<\/p>\n","protected":false},"author":1,"featured_media":0,"parent":0,"menu_order":0,"comment_status":"closed","ping_status":"closed","template":"","meta":[],"_links":{"self":[{"href":"https:\/\/aeaf.edu.pt\/index.php?rest_route=\/wp\/v2\/pages\/9873"}],"collection":[{"href":"https:\/\/aeaf.edu.pt\/index.php?rest_route=\/wp\/v2\/pages"}],"about":[{"href":"https:\/\/aeaf.edu.pt\/index.php?rest_route=\/wp\/v2\/types\/page"}],"author":[{"embeddable":true,"href":"https:\/\/aeaf.edu.pt\/index.php?rest_route=\/wp\/v2\/users\/1"}],"replies":[{"embeddable":true,"href":"https:\/\/aeaf.edu.pt\/index.php?rest_route=%2Fwp%2Fv2%2Fcomments&post=9873"}],"version-history":[{"count":28,"href":"https:\/\/aeaf.edu.pt\/index.php?rest_route=\/wp\/v2\/pages\/9873\/revisions"}],"predecessor-version":[{"id":9932,"href":"https:\/\/aeaf.edu.pt\/index.php?rest_route=\/wp\/v2\/pages\/9873\/revisions\/9932"}],"wp:attachment":[{"href":"https:\/\/aeaf.edu.pt\/index.php?rest_route=%2Fwp%2Fv2%2Fmedia&parent=9873"}],"curies":[{"name":"wp","href":"https:\/\/api.w.org\/{rel}","templated":true}]}}